{"id":4571,"date":"2015-07-10T22:55:49","date_gmt":"2015-07-10T19:55:49","guid":{"rendered":"http:\/\/www.oguztanselsempozyumu.com\/?page_id=4571"},"modified":"2016-11-06T02:13:23","modified_gmt":"2016-11-06T00:13:23","slug":"katilimcilar","status":"publish","type":"page","link":"http:\/\/www.oguztanselsempozyumu.com\/en\/katilimcilar\/","title":{"rendered":"Article Presenters"},"content":{"rendered":"<h3><a href=\"http:\/\/www.oguztanselsempozyumu.com\/wp-content\/uploads\/2015\/07\/valentinabold.jpg\" rel='prettyPhoto'><img decoding=\"async\" loading=\"lazy\" class=\"alignleft size-full wp-image-4673\" src=\"http:\/\/www.oguztanselsempozyumu.com\/wp-content\/uploads\/2015\/07\/valentinabold.jpg\" alt=\"s2\" width=\"190\" height=\"220\" \/><\/a><\/h3>\n<h3><strong>Prof. Dr. Valentina\u00a0BOLD<\/strong><\/h3>\n<p>Valentina Bold is Reader in Scottish Literature and Ethnology at the University of Glasgow&#8217;s School of Interdisciplinary Studies, in Dumfries, Scotland. She has published widely on Scottish folklore and literature, particularly on songs and stories. Her books include &#8216;James Hogg: A Bard of Nature&#8217;s Making&#8217;, &#8216;Robert Burns&#8217; Merry Muses of Caledonia&#8217; and &#8216;Smeddum: A Lewis Grassic Gibbon Anthology&#8217;, as well as a CD-rom, co-edited with Thomas A. McKean, &#8216;Northern Folk: Living Traditions of North East Scotland&#8217;. Currently, she is editing James Hogg&#8217;s nineteenth century novel, &#8216;The Brownie of Bodsbeck&#8217;, and working on a project exploring pilgrimage traditions and revival in Scotland, and across Europe.<\/p>\n<div class=\"su-divider su-divider-style-default\" style=\"margin:15px 0;border-width:3px;border-color:#999999\"><\/div>\n<h3><a href=\"http:\/\/www.oguztanselsempozyumu.com\/wp-content\/uploads\/2015\/07\/s2.jpg\" rel='prettyPhoto'><img decoding=\"async\" loading=\"lazy\" class=\"alignleft size-full wp-image-4673\" src=\"http:\/\/www.oguztanselsempozyumu.com\/wp-content\/uploads\/2015\/07\/s2.jpg\" alt=\"s2\" width=\"190\" height=\"220\" \/><\/a><\/h3>\n<h3><strong>Prof. Dr. Selahattin\u00a0D\u0130L\u0130D\u00dcZG\u00dcN<\/strong><\/h3>\n<p>Selahattin Dilid\u00fczg\u00fcn was born in Bursa in 1960. He completed his primary and secondary education in Bursa and Germany. He graduated from the Faculty of Education of Uluda\u011f University in 1985. He completed his MA at \u0130stanbul University in 1987 and his PhD dissertation entitled\u00a0<em>\u201cChildren\u2019s and Youth Literature in Literature Education<\/em>\u201d in 1994. After he had received the title of Associate Professor in Turkish Language Education in 2000, he started to work in the Department of Turkish Language Education at Faculty of Education of \u0130stanbul University and in 2008 he received the title of Professor. He still works in the same department and his main research interests include theoretical and practical aspects of literature education and children\u2019s literature.<\/p>\n<div class=\"su-divider su-divider-style-default\" style=\"margin:15px 0;border-width:3px;border-color:#999999\"><\/div>\n<h3><strong><a href=\"http:\/\/www.oguztanselsempozyumu.com\/wp-content\/uploads\/2015\/07\/s10.jpg\" rel='prettyPhoto'><img decoding=\"async\" loading=\"lazy\" class=\"alignleft size-full wp-image-4681\" src=\"http:\/\/www.oguztanselsempozyumu.com\/wp-content\/uploads\/2015\/07\/s10.jpg\" alt=\"s10\" width=\"190\" height=\"220\" \/><\/a>Prof. Dr. Haluk ERDEM<\/strong><\/h3>\n<p>Bursa\u2019da do\u011fdu. \u0130lk ve orta \u00f6\u011frenimini Bursa\u2019da, y\u00fcksek \u00f6\u011frenimini Ankara\u2019da tamamlad\u0131. 1992 y\u0131l\u0131nda Ankara \u00dcniversitesi Dil ve Tarih-Co\u011frafya Fak\u00fcltesi Felsefe B\u00f6l\u00fcm\u00fc\u2019nden mezun oldu. Gazi \u00dcniversitesi Sosyal Bilimler Enstit\u00fcs\u00fc Felsefe Anabilim Dal\u0131\u2019nda y\u00fcksek lisans, Hacettepe \u00dcniversitesi Felsefe Anabilim Dal\u0131\u2019nda doktora e\u011fitimini tamamlad\u0131. UNESCO T\u00fcrkiye Milli Komisyonu Felsefe \u0130htisas Komitesi \u00dcyeli\u011fi g\u00f6revinde bulundu. Akademik ve bilimsel \u00e7al\u0131\u015fmalar\u0131n\u0131 1995-2010 y\u0131llar\u0131 aras\u0131nda Gazi \u00dcniversitesi\u2019nde s\u00fcrd\u00fcrd\u00fc. Halen Ankara \u00dcniversitesi E\u011fitim Bilimleri Fak\u00fcltesi E\u011fitim Felsefesi Anabilim Dal\u0131 \u00f6\u011fretim \u00fcyesidir.<\/p>\n<div class=\"su-divider su-divider-style-default\" style=\"margin:15px 0;border-width:3px;border-color:#999999\"><\/div>\n<h3><strong><a href=\"http:\/\/www.oguztanselsempozyumu.com\/wp-content\/uploads\/2015\/07\/hanshe\u0131no.jpg\" rel='prettyPhoto'><img decoding=\"async\" loading=\"lazy\" class=\"alignleft size-full wp-image-4681\" src=\"http:\/\/www.oguztanselsempozyumu.com\/wp-content\/uploads\/2015\/07\/hanshe\u0131no.jpg\" alt=\"s10\" width=\"190\" height=\"220\" \/><\/a>Prof. Dr. Hans-Heino EVERS<\/strong><\/h3>\n<p>Professor of German literature with a focus on children&#8217;s literature. Director of the Centre for Children&#8217;s Literature Research at the Johann Wolfgang Goethe-University of Frankfurt\/Main. Ewers studied German Literature, Philosophy, Linguistics and Political Sciences at the Universities of Cologne, Bonn and Frankfurt\/Main. In 1976 he made the Ph. D. in German Literature in Frankfurt. Since 1978 he worked as Assistant Professor at the University of Cologne (Department of Education) and since 1984 at the University of Bonn. In 1986 he submitted his inaugural dissertation, entitled &#8220;Kindheit als poetische Daseinsform. Studien zur Entstehung der romantischen Kindheitsutopie im 18. Jahrhundert. Herder, Jean Paul, Novalis und Tieck&#8221; (Childhood as a poetical form of being. Studies on the emergence of childhood as romantic utopia in the 18th century. Herder, Jean Paul, Novalis und Tieck.).Since 1989 Ewers is Professor of German Literature with a focus on Children&#8217;s Literature at the Johann Wolfgang Goethe-University of Frankfurt\/Main and Director of the &#8220;Institut f\u00fcr Jugendbuchforschung&#8221; (Institute for Children&#8217;s Literature Research). He is the initiator and co-editor of the &#8220;Yearbook of Research in Children&#8217;s Literature&#8221;, published since 1995, and author of numerous studies on the theory and history as well as on contemporary children&#8217;s literature. In 2000 he published &#8220;Literatur f\u00fcr Kinder- und Jugendliche&#8221; (Children&#8217;s Literature), an introduction into Children&#8217;s literature research.<\/p>\n<div class=\"su-divider su-divider-style-default\" style=\"margin:15px 0;border-width:3px;border-color:#999999\"><\/div>\n<h3><strong><a href=\"http:\/\/www.oguztanselsempozyumu.com\/wp-content\/uploads\/2015\/07\/s4.jpg\" rel='prettyPhoto'><img decoding=\"async\" loading=\"lazy\" class=\"alignleft size-full wp-image-4675\" src=\"http:\/\/www.oguztanselsempozyumu.com\/wp-content\/uploads\/2015\/07\/s4.jpg\" alt=\"s4\" width=\"190\" height=\"220\" \/><\/a>Prof. Dr. Metin KARADA\u011e<\/strong><\/h3>\n<p>1974 y\u0131l\u0131nda Atat\u00fcrk \u00dcniversitesi Edebiyat Fak\u00fcltesi T\u00fcrk Dili ve Edebiyat\u0131 b\u00f6l\u00fcm\u00fcnden mezun oldu. 1975-1984 y\u0131llar\u0131 aras\u0131nda Atat\u00fcrk \u00dcniversitesinin \u00e7e\u015fitli birimlerinde y\u00f6neticilik yapt\u0131. K\u00d6Z Folklor Dergisi\u2019ni \u00e7\u0131kard\u0131. Geleneksel \u00c2\u015f\u0131klar \u015eenli\u011fi\u2019ni be\u015f y\u0131l s\u00fcrd\u00fcrd\u00fc. 1984 y\u0131l\u0131nda Prof. Dr. Bilge Seyido\u011flu\u2019nun dan\u0131\u015fmanl\u0131\u011f\u0131nda \u201cErzurum ve \u00c7evresinden Derlenen Halk Hik\u00e2yeleri \u00dczerinde Ara\u015ft\u0131rmalar\u201d konulu doktora \u00e7al\u0131\u015fmas\u0131n\u0131 bitirdi. 1984-1986 y\u0131llar\u0131nda Dicle \u00dcniversitesi E\u011fitim Fak\u00fcltesinde \u00f6\u011fretim g\u00f6revlisi ve yard\u0131mc\u0131 do\u00e7ent olarak \u00e7al\u0131\u015ft\u0131. E\u011fitim Y\u00fcksekokulu M\u00fcd\u00fcrl\u00fc\u011f\u00fc yapt\u0131. 1986 y\u0131l\u0131nda Uluda\u011f \u00dcniversitesi Bal\u0131kesir Necatibey E\u011fitim Fak\u00fcltesine yard\u0131mc\u0131 do\u00e7ent olarak atand\u0131. 1988-1990 y\u0131llar\u0131 aras\u0131nda Madrid Autonoma \u00dcniversitesinde iki y\u0131l T\u00fcrk Dili ve Edebiyat\u0131 dersleri verdi. 1992 y\u0131l\u0131nda do\u00e7ent unvan\u0131n\u0131 ald\u0131. 1992-1998 y\u0131llar\u0131 aras\u0131nda Necatibey E\u011fitim Fak\u00fcltesi T\u00fcrk Dili ve Edebiyat\u0131 B\u00f6l\u00fcm\u00fc Ba\u015fkanl\u0131\u011f\u0131 yapt\u0131. 1998\u2019de profes\u00f6rl\u00fc\u011fe y\u00fckselerek Dokuz Eyl\u00fcl \u00dcniversitesi Buca E\u011fitim Fak\u00fcltesine atand\u0131. 2003 y\u0131l\u0131na kadar T\u00fcrk\u00e7e E\u011fitimi B\u00f6l\u00fcm\u00fc Ba\u015fkanl\u0131\u011f\u0131 yapt\u0131. 2003-2004 e\u011fitim y\u0131l\u0131ndan itibaren Uluslararas\u0131 K\u0131br\u0131s \u00dcniversitesi Fen Edebiyat Fak\u00fcltesi kurucu dekanl\u0131\u011f\u0131 i\u00e7in iki y\u0131ll\u0131\u011f\u0131na KKTC\u2019de g\u00f6revlendirildi. 2005 Ekim ay\u0131nda T\u00fcrkiye\u2019de emekliye ayr\u0131ld\u0131. Halen UK\u00dc Fen Edebiyat Fak\u00fcltesi Dekan\u0131 olarak g\u00f6rev yapmaktad\u0131r.<\/p>\n<div class=\"su-divider su-divider-style-default\" style=\"margin:15px 0;border-width:3px;border-color:#999999\"><\/div>\n<h3><strong><a href=\"http:\/\/www.oguztanselsempozyumu.com\/wp-content\/uploads\/2015\/07\/s5.jpg\" rel='prettyPhoto'><img decoding=\"async\" loading=\"lazy\" class=\"alignleft size-full wp-image-4676\" src=\"http:\/\/www.oguztanselsempozyumu.com\/wp-content\/uploads\/2015\/07\/s5.jpg\" alt=\"s5\" width=\"190\" height=\"220\" \/><\/a>Prof. Dr. Cahit KAVCAR<\/strong><\/h3>\n<p>Prof. Dr. Cahit KAVCAR, 1943 y\u0131l\u0131nda Fethiye\u2019nin K\u0131z\u0131lbel K\u00f6y\u00fc\u2019nde do\u011fdu. \u0130lkokuldan sonra 1955\u2019te Ayd\u0131n Ortaklar \u0130lk\u00f6\u011fretmen Okulu\u2019na girdi. 1960\u2019da Ankara Y\u00fcksek \u00d6\u011fretmen Okulu\u2019na se\u00e7ildi. 1965\u2019te Ankara \u00dcniversitesi Dil ve Tarih-Co\u011frafya Fak\u00fcltesi T\u00fcrk Dili ve Edebiyat\u0131 B\u00f6l\u00fcm\u00fc ile Ankara Y\u00fcksek \u00d6\u011fretmen Okulu\u2019ndan mezun oldu. Kars Alparslan Lisesinde T\u00fcrk Dili ve Edebiyat\u0131 \u00f6\u011fretmenli\u011fi yapt\u0131. \u00a0Lisans\u00fcst\u00fc e\u011fitimini 1969-1973 y\u0131llar\u0131 aras\u0131nda Ankara \u00dcniversitesinde yapt\u0131. E\u011fitim Bilimleri Fak\u00fcltesinde \u00f6\u011fretim \u00fcyesi, dekan yard\u0131mc\u0131s\u0131, dekan olarak \u00e7e\u015fitli g\u00f6revlerde bulundu. Ankara \u00dcniversitesindeki doktora derslerini de y\u00fcr\u00fcterek d\u00f6rt y\u0131l Malatya \u0130n\u00f6n\u00fc \u00dcniversitesinde \u00f6\u011fretim \u00fcyesi, b\u00f6l\u00fcm ba\u015fkan\u0131, Sosyal Bilimler Enstit\u00fcs\u00fc M\u00fcd\u00fcr\u00fc olarak g\u00f6rev yapt\u0131 (1987-1991); bir y\u0131l \u0130zmir Dokuz Eyl\u00fcl \u00dcniversitesi Buca E\u011fitim Fak\u00fcltesi T\u00fcrk Dili ve Edebiyat\u0131 B\u00f6l\u00fcm\u00fcnde \u00f6\u011fretim \u00fcyesi ve b\u00f6l\u00fcm ba\u015fkan\u0131 olarak hizmet verdi (1991-1992). Dil ve edebiyat e\u011fitimi, T\u00fcrk\u00e7e \u00f6\u011fretimi, yeni T\u00fcrk edebiyat\u0131, k\u00fclt\u00fcr ve sanat, \u00f6\u011fretmen yeti\u015ftirme konular\u0131nda \u00e7al\u0131\u015fma ve ara\u015ft\u0131rmalar, yay\u0131nlar yapt\u0131. Bir b\u00f6l\u00fcm\u00fc kendi yazd\u0131\u011f\u0131, bir b\u00f6l\u00fcm\u00fc ortakla\u015fa, bir b\u00f6l\u00fcm\u00fc derleme, bir b\u00f6l\u00fcm\u00fc s\u00f6zl\u00fck olmak \u00fczere toplam 20 kitap, 110 makale yazd\u0131; yurti\u00e7i ve yurtd\u0131\u015f\u0131nda 98 bilimsel toplant\u0131ya kat\u0131ld\u0131, bildiriler sundu. E\u011fitim Bilimleri Fak\u00fcltesinde lisans, tezsiz y\u00fcksek lisans, tezli y\u00fcksek lisans, doktora, \u00f6\u011fretmenlik sertifikas\u0131 dersleri verdi. Bu arada 32 y\u00fcksek lisans tezi, 27 doktora tezi y\u00f6netti.<\/p>\n<div class=\"su-divider su-divider-style-default\" style=\"margin:15px 0;border-width:3px;border-color:#999999\"><\/div>\n<h3><strong><a href=\"http:\/\/www.oguztanselsempozyumu.com\/wp-content\/uploads\/2015\/07\/eunkyung.jpg\" rel='prettyPhoto'><img decoding=\"async\" loading=\"lazy\" class=\"alignleft size-full wp-image-4676\" src=\"http:\/\/www.oguztanselsempozyumu.com\/wp-content\/uploads\/2015\/07\/eunkyung.jpg\" alt=\"s5\" width=\"190\" height=\"220\" \/><\/a>Prof. Dr. Eunkyung\u00a0OH<\/strong><\/h3>\n<p>Oh Eun-kyung graduated from Hankuk University of Foreign Studies in Korea. She earned a Master\u2019s degree and a Ph. D. in Turkish Literature and Comparative Literature from Hacettepe National University in Ankara on a scholarship from the Turkish government. She was a full time professor in the Department of Korean Literature at Ankara University, and worked as a correspondent in Turkey for the Munhwa Broadcasting Station. She followed a position as post-doctorate at the Academy of Korean Studies and lecturer at Korea University and Sungkyunkwan University.<br \/>\nShe got a degree of Doctor of Science and professorship in Uzbekistan, Tashkent, the Academy of Science named after Alisher Navoy. She worked as a professor in the Korean Department at the Nizami state pedagogical university in Tashkent, Uzbekistan. She is currently a professor in the College of Humanities of Dongduk Women\u2019s University and consultant of Asia Pacific Center for Intangible Cultural Heritage, UNESCO and Korea Research Foundation.<\/p>\n<p>Her works include Feminist Critics: Women in Turkish and Korean Novels in the 20th Century (2005, in Turkish), Literature of the Korean War in Turkey (2005, in Turkish), Women and Islam inside the Veil (2006 in Korean), A Comparative Epic Studies between Korea and Uzbekistan (2014 in Uzbek language), Living as a woman in Islamic Countries (2015 in Korean), etc. She is also the translator of Ya\u015far Kemal\u2019s novels The Legend of the Thousand Bulls, The Legend of Ararat Mountain, To Crush the Serpent, Memed-My Hawk as well as Murat Tuncel\u2019s novel \u0130nanna and Hakan Gunday\u2019s novel A Little into Korean. She also translated KO UN\u2019s poetry books, such as Ten Thousand Lives and Anthology of Korean Poet KO UN from Korean into Turkish.<\/p>\n<div class=\"su-divider su-divider-style-default\" style=\"margin:15px 0;border-width:3px;border-color:#999999\"><\/div>\n<h3><strong><a href=\"http:\/\/www.oguztanselsempozyumu.com\/wp-content\/uploads\/2015\/07\/s29.jpg\" rel='prettyPhoto'><img decoding=\"async\" loading=\"lazy\" class=\"alignleft size-full wp-image-4728\" src=\"http:\/\/www.oguztanselsempozyumu.com\/wp-content\/uploads\/2015\/07\/s29.jpg\" alt=\"s29\" width=\"190\" height=\"220\" \/><\/a>Prof. Dr. Ali Osman \u00d6ZT\u00dcRK<\/strong><\/h3>\n<p>Ali Osman \u00d6zt\u00fcrk, born in 05.01.1960, is from Ordu and graduated from German Philology of Ankara University Language, History and Geography Faculty in 1980. He had a master degree from Selcuk University Social Sciences Institute in 1990. To complete his doctorate studies, he did research in German Folk Song Archive for 2 years. In this context, he studied &#8220;Turkish Folk Song Archive&#8221;(Selcuk University Research Fund, Project Number: FEF 92\/101, Konya, 1993) project which was also supported by the archive. In 1991, he was inducted to German Philology Department of Selcuk University Science and Literature Faculty\u00a0as an assistant professor. Then he became an associate professor in 1994. He worked as a member of board and vice chairman in Selcuk University Center of Application and Research of Folk Culture between 1992 and 1998. He took on Turkish representation of DEMOS, which was a international ethnology journal, and did about 40 demonstrations of Turkish Folkloric works in this journal. In 2002, he became a professor in Canakkale Onsekiz Mart University German Philology. In this department, he worked as Department Head, Asistant to Rector, Vice Rector, Director of the Graduate School and Director of the Research Center. He came back to Selcuk University in August 2011 and he has currently been working as a professor in Necmettin Erbakan University German Philology at Ahmet Kelesoglu Educational Faculty. He is also the president of GERDER (Society\u00a0of [Turkish] Germanists). 2002 Folkloric Research Institution &#8220;Service to Turkish Folk Culture Award&#8221; was given to him. He published articles about Konya Folk Songs Culture and kept archive of existing folk songs.<\/p>\n<div class=\"su-divider su-divider-style-default\" style=\"margin:15px 0;border-width:3px;border-color:#999999\"><\/div>\n<h3><strong><a href=\"http:\/\/www.oguztanselsempozyumu.com\/wp-content\/uploads\/2015\/07\/s6.jpg\" rel='prettyPhoto'><img decoding=\"async\" loading=\"lazy\" class=\"alignleft size-full wp-image-4677\" src=\"http:\/\/www.oguztanselsempozyumu.com\/wp-content\/uploads\/2015\/07\/s6.jpg\" alt=\"s6\" width=\"190\" height=\"220\" \/><\/a>Prof. Dr. Sedat SEVER<\/strong><\/h3>\n<p>Prof. Dr. Sedat Sever completed his masters in 1985 at the Ankara University Graduate School of Social Sciences, Department of Education Programs and Instructions, Branch of Fine Arts Education. He completed his PH.D. in 1993 in the same branch as above. His Ph.D. Thesis titled \u201cThe Impact of Full Education Principles which are Used in Teaching Turkish \u00a0on Students\u2019 Comprehension and Writing Skills\u201d is one of the first experimental studies. \u00a0Sever is known for his theoretical work on conceiving child and youth literature as a scientific field of study. He has pioneered in organizing the first (2000), the second (2006) and the third (2011) National Symposium on Child and Youth Literature \u00a0as well as founding (2000) of the \u201cAnkara University, Faculty of Education Children\u2019s Library\u201d which is the first of its kind among the universities in our country. He was the associate dean of the Ankara University Faculty of Education (1997), chairman of the Department of Social Sciences in Secondary Schools (2003) and president of the Educational Programs and Instructions Branch (2005). He is the founding president and current president of the Faculty of Education, Department of Cultural Foundations of Education (2007). He is also the founding director of the Ankara University, Center of Applied Research on Child and Youth Literature (2009). He has individual and joint fourteen books and over fifty articles. He was advisor to many radio and television programs. He held responsibilities in various projects on the quality of teaching Turkish and the institutionalization of the child and youth literature.<\/p>\n<div class=\"su-divider su-divider-style-default\" style=\"margin:15px 0;border-width:3px;border-color:#999999\"><\/div>\n<h3><strong><a href=\"http:\/\/www.oguztanselsempozyumu.com\/wp-content\/uploads\/2015\/07\/bahaban.jpg\" rel='prettyPhoto'><img decoding=\"async\" loading=\"lazy\" class=\"alignleft size-full wp-image-4677\" src=\"http:\/\/www.oguztanselsempozyumu.com\/wp-content\/uploads\/2015\/07\/bahaban.jpg\" alt=\"s6\" width=\"190\" height=\"220\" \/><\/a>Prof. Dr. Bahaban MUHAMMED \u015eER\u0130F<\/strong><\/h3>\n<p>Prof. Dr. Babahan Muhammed \u015eerif was born in 1949 in the Harezm city of \u00dczbekistan. He completed Ta\u015fkent University in 1971 and Ta\u015fkent Administration and Politechnic Institute in 1989. He is a member of \u00dczbekistan and Eurosia Writers Association. He was a newsman, journalist and general publication director of several news papers and journals. He has prepared the Turkish-Uzbek dictionary. He has about ten poetry and essay boks. He has translated over 20 books from Turkish including \u00d6mer Seyfettin, Re\u015fat Nuri G\u00fcntekin Yunus Emre, Karacao\u011flan, N.F.K\u0131sak\u00fcrek, Yavuz Bahad\u0131ro\u011flu, \u0130smail Bozkurt, Yahya Akengin. He has translated six books from Azeri language and four books from Russian into Uzbek language. He has also tarnslated poetrty of such poems \u00c7olpan, Aybek, Aman Metcan, Hasiyet Rustamova, Ali\u015fir Dervi\u015f from Uzbek language to Turkish. He is the recepient of several international awards such as International Ka\u015fgarl\u0131 Mahmud, Karaco\u011flan and Distinguished Service to the Turkish World.<\/p>\n<div class=\"su-divider su-divider-style-default\" style=\"margin:15px 0;border-width:3px;border-color:#999999\"><\/div>\n<h3><strong><a href=\"http:\/\/www.oguztanselsempozyumu.com\/wp-content\/uploads\/2015\/07\/s7.jpg\" rel='prettyPhoto'><img decoding=\"async\" loading=\"lazy\" class=\"alignleft size-full wp-image-4678\" src=\"http:\/\/www.oguztanselsempozyumu.com\/wp-content\/uploads\/2015\/07\/s7.jpg\" alt=\"s7\" width=\"190\" height=\"220\" \/><\/a>Prof. Dr. Aysit TANSEL<\/strong><\/h3>\n<p>Orta Do\u011fu Teknik \u00dcniversitesi, \u0130ktisat B\u00f6l\u00fcm\u00fc\u2019nde Profes\u00f6r olarak g\u00f6rev yapan Aysit Tansel, \u00a0Adana K\u0131z Lisesini birincilikle bitirmi\u015f, Lisans derecesini y\u00fcksek onur \u00f6\u011frencisi olarak Orta Do\u011fu Teknik \u00dcniversitesinden alm\u0131\u015f, master e\u011fitimini Minnesota \u00dcniversitesi\u2019nde, doktora e\u011fitimini ise New York State \u00dcniversitesi\u2019nde tamamlam\u0131\u015ft\u0131r. Aysit Tansel, doktora sonras\u0131 ara\u015ft\u0131rmalar\u0131 i\u00e7in Yale \u00dcniversitesi\u2019nde ve Cornell \u00dcniversitesinde bulunmu\u015ftur. E\u011fitim ekonomisi ve \u00e7al\u0131\u015fma ekonomisi ilgi alanlar\u0131d\u0131r. Di\u011fer ilgi alanlar\u0131 edebiyat, \u015fiir, halkbilimi ve \u00e7eviri yapmakt\u0131r. Bu alanlarda \u00e7e\u015fitli makaleleri ve \u00f6zellikle O\u011fuz Tansel\u2019den \u015fiir \u00e7evirileri yay\u0131nlanm\u0131\u015ft\u0131r.<\/p>\n<div class=\"su-divider su-divider-style-default\" style=\"margin:15px 0;border-width:3px;border-color:#999999\"><\/div>\n<p><strong><a href=\"http:\/\/www.oguztanselsempozyumu.com\/wp-content\/uploads\/2015\/07\/s14.jpg\" rel='prettyPhoto'><img decoding=\"async\" loading=\"lazy\" class=\"alignleft size-full wp-image-4685\" src=\"http:\/\/www.oguztanselsempozyumu.com\/wp-content\/uploads\/2015\/07\/s14.jpg\" alt=\"s14\" width=\"190\" height=\"220\" \/><\/a><\/strong><\/p>\n<h3><strong>Do\u00e7. Dr. Nevin AKKAYA<\/strong><\/h3>\n<p>Manisa Ala\u015fehir\u2019de do\u011fdu. \u0130lk ve orta \u00f6\u011frenimini Ala\u015fehir\u2019de tamamlad\u0131. 1984 y\u0131l\u0131nda Bal\u0131kesir Necatibey E\u011fitim Fak\u00fcltesi T\u00fcrk Dili Edebiyat\u0131 \u00d6\u011fretmenli\u011fi B\u00f6l\u00fcm\u00fcnden mezun oldu. Uluda\u011f ve Bal\u0131kesir \u00dcniversitesinde y\u00fcksek lisans ve doktora e\u011fitimini tamamlad\u0131. Milli E\u011fitim Bakanl\u0131\u011f\u0131na ba\u011fl\u0131 liselerde \u00f6\u011fretmen olarak \u00e7al\u0131\u015ft\u0131. 1997 y\u0131l\u0131nda Bal\u0131kesir Necatibey E\u011fitim Fak\u00fcltesi T\u00fcrk\u00e7e E\u011fitimi B\u00f6l\u00fcmde yard\u0131mc\u0131 do\u00e7ent olarak g\u00f6reve ba\u015flad\u0131. 2001 y\u0131l\u0131nda Buca E\u011fitim Fak\u00fcltesi T\u00fcrk\u00e7e \u00d6\u011fretmenli\u011fi B\u00f6l\u00fcmde g\u00f6reve ba\u015flad\u0131 ve h\u00e2len bu kurumda g\u00f6rev yapmaktad\u0131r.<\/p>\n<div class=\"su-divider su-divider-style-default\" style=\"margin:15px 0;border-width:3px;border-color:#999999\"><\/div>\n<strong><a href=\"http:\/\/www.oguztanselsempozyumu.com\/wp-content\/uploads\/2016\/08\/todora.jpg\" rel='prettyPhoto'><img decoding=\"async\" loading=\"lazy\" class=\"alignleft size-full wp-image-4685\" src=\"http:\/\/www.oguztanselsempozyumu.com\/wp-content\/uploads\/2016\/08\/todora.jpg\" alt=\"s14\" width=\"190\" height=\"220\" \/><\/a><\/strong><\/p>\n<h3><strong>Do\u00e7. Dr. Tudora ARNAUT<\/strong><\/h3>\n<p>She was born in Odesa, Ukraine   in 1970. She received her diplom from Kirov- Azerbaijan State University in Baku, her masters from Gazi University in Ankara and her Ph. D. from Azerbaijan National Academy of Sciences,Nizami Institute of Literature in 2000. She also studied Law in addition to literat\u00fcre. She tought at Comrat State University in Moldavia (1996-2000), at Esatern Mediterranean University in Republic of Northern Cyprus (2003-2004) and  Tara\u015f \u015eev\u00e7enko National University of Kiev in Ukraine. Her topics included  Turkish Literature, Turkisk Folk Literature,  Gagauz Folk Literature and  Literature of Turkic Republics. She authored many articles and books. She is founding member of Gagauz Writers Association and Ukraine Gagauzian Association.     She know Russian, Ukrainian, Turkish,  Azerbaijani and Gagauzian. She is working as a translator in private sector. <\/p>\n<div class=\"su-divider su-divider-style-default\" style=\"margin:15px 0;border-width:3px;border-color:#999999\"><\/div>\n<h3><strong><a href=\"http:\/\/www.oguztanselsempozyumu.com\/wp-content\/uploads\/2015\/07\/s8.jpg\" rel='prettyPhoto'><img decoding=\"async\" loading=\"lazy\" class=\"alignleft size-full wp-image-4679\" src=\"http:\/\/www.oguztanselsempozyumu.com\/wp-content\/uploads\/2015\/07\/s8.jpg\" alt=\"s8\" width=\"190\" height=\"220\" \/><\/a>Do\u00e7. Dr. Canan ASLAN<\/strong><\/h3>\n<p>Do\u00e7. Dr. Canan ASLAN, 1999 y\u0131l\u0131nda Hacettepe \u00dcniversitesi E\u011fitim Fak\u00fcltesinde y\u00fcksek lisans\u0131n\u0131, 2006 y\u0131l\u0131nda Ankara \u00dcniversitesi Sosyal Bilimler Enstit\u00fcs\u00fc E\u011fitim Programlar\u0131 ve \u00d6\u011fretim (G\u00fczel Sanatlar E\u011fitimi Anabilim Dal\u0131) B\u00f6l\u00fcm\u00fcnde doktoras\u0131n\u0131 bitirdi. 2008 y\u0131l\u0131nda yard\u0131mc\u0131 do\u00e7ent, 2012 y\u0131l\u0131nda da do\u00e7ent unvan\u0131n\u0131 ald\u0131. 2008 y\u0131l\u0131ndan bug\u00fcne de\u011fin Ankara \u00dcniversitesi E\u011fitim Bilimler Fak\u00fcltesi\u2019nde G\u00fczel Sanatlar E\u011fitimi Anabilim Dal\u0131 ba\u015fkanl\u0131\u011f\u0131n\u0131 s\u00fcrd\u00fcrmektedir. Dil ve edebiyat \u00f6\u011fretimi ile \u00e7ocuk ve gen\u00e7lik edebiyat\u0131 \u00e7al\u0131\u015fma konular\u0131 aras\u0131ndad\u0131r. Dil ve edebiyat \u00f6\u011fretimi, \u00e7ocuk ve gen\u00e7lik edebiyat\u0131, dil ve edebiyat ders kitaplar\u0131, T\u00fcrk\u00e7e ve edebiyat \u00f6\u011fretmenleri, dil ve edebiyat e\u011fitimi ile yaz\u0131nsal \u00e7ocuk ve gen\u00e7lik kitaplar\u0131nda \u00e7ocuk ve insan haklar\u0131, lisans\u00fcst\u00fc \u00f6\u011frenim g\u00f6ren \u00f6\u011frenciler, edebiyat \u00f6\u011fretiminde \u00e7e\u015fitli sanatsal uyaranlar, edebiyatta cinsiyet rolleri ve kad\u0131n imgesi, edebiyat ve \u00fcst d\u00fczey d\u00fc\u015f\u00fcnme becerileri, duyarl\u0131 konular ve \u00e7ocuk edebiyat\u0131, duyarl\u0131k e\u011fitiminde edebiyat\u0131n yeri ile ilgili kitap b\u00f6l\u00fcmleri, ulusal ve uluslararas\u0131 bildirileri ve makaleleri bulunan Aslan, yine dil \u00f6\u011fretimi, yabanc\u0131lara dil \u00f6\u011fretimi, edebiyatta insan haklar\u0131, \u00e7ocuk ve gen\u00e7lik edebiyat\u0131 ve bar\u0131\u015f e\u011fitimi gibi konularda da \u00e7e\u015fitli projelerde ara\u015ft\u0131rmac\u0131 ve y\u00fcr\u00fct\u00fcc\u00fc sorumlulu\u011funu \u00fcstlenmi\u015ftir. Halen E\u011fitimin K\u00fclt\u00fcrel Temelleri G\u00fczel Sanatlar E\u011fitimi Anabilim Dal\u0131nda do\u00e7ent olarak \u00e7al\u0131\u015fmaktad\u0131r.<\/p>\n<div class=\"su-divider su-divider-style-default\" style=\"margin:15px 0;border-width:3px;border-color:#999999\"><\/div>\n<h3><strong><a href=\"http:\/\/www.oguztanselsempozyumu.com\/wp-content\/uploads\/2015\/07\/s9.jpg\" rel='prettyPhoto'><img decoding=\"async\" loading=\"lazy\" class=\"alignleft size-full wp-image-4680\" src=\"http:\/\/www.oguztanselsempozyumu.com\/wp-content\/uploads\/2015\/07\/s9.jpg\" alt=\"s9\" width=\"190\" height=\"220\" \/><\/a>Do\u00e7. Dr. Bayram BA\u015e<\/strong><\/h3>\n<p>Yalova\u2019da do\u011fdu. \u0130lk ve orta \u00f6\u011frenimini Bursa \/ Orhangazi\u2019de yapt\u0131. Pamukkale \u00dcniversitesi E\u011fitim Fak\u00fcltesi S\u0131n\u0131f \u00d6\u011fretmenli\u011fi B\u00f6l\u00fcm\u00fc\u2019nde lisans e\u011fitimini; Pamukkale \u00dcniversitesi Sosyal Bilimler Enstit\u00fcs\u00fc T\u00fcrk\u00e7e E\u011fitimi Ana Bilim Dal\u0131\u2019nda y\u00fcksek lisans e\u011fitimini; Gazi \u00dcniversitesi E\u011fitim Bilimleri Enstit\u00fcs\u00fc T\u00fcrk\u00e7e E\u011fitimi Ana Bilim Dal\u0131\u2019nda doktora e\u011fitimini tamamlad\u0131. K\u00fctahya\u2019da \u00f6\u011fretmen olarak \u00e7al\u0131\u015ft\u0131. 2000-2002 y\u0131llar\u0131 aras\u0131nda Pamukkale \u00dcniversitesi E\u011fitim Fak\u00fcltesi T\u00fcrk\u00e7e E\u011fitimi B\u00f6l\u00fcm\u00fc\u2019nde Ara\u015ft\u0131rma G\u00f6revlisi kadrosunda g\u00f6rev yapt\u0131. 2002-2006 y\u0131llar\u0131 aras\u0131nda 35. madde ile g\u00f6revlendirildi\u011fi Gazi \u00dcniversitesi E\u011fitim Fak\u00fcltesi T\u00fcrk\u00e7e E\u011fitimi B\u00f6l\u00fcm\u00fc\u2019nde Ara\u015ft\u0131rma G\u00f6revlisi olarak \u00e7al\u0131\u015ft\u0131. 2007-2012 y\u0131llar\u0131 aras\u0131nda Cumhuriyet \u00dcniversitesi \u0130lk\u00f6\u011fretim B\u00f6l\u00fcm\u00fc\u2019nde Yrd. Do\u00e7. Dr. olarak g\u00f6rev yapt\u0131. 2012 y\u0131l\u0131nda D\u00fczce \u00dcniversitesi E\u011fitim Fak\u00fcltesi T\u00fcrk\u00e7e E\u011fitimi B\u00f6l\u00fcm\u00fc\u2019nde Yrd. Do\u00e7. Dr. olarak \u00e7al\u0131\u015ft\u0131. 2012 y\u0131l\u0131nda \u0130stanbul Ayd\u0131n \u00dcniversitesi E\u011fitim Fak\u00fcltesi T\u00fcrk\u00e7e E\u011fitimi B\u00f6l\u00fcm\u00fc\u2019ne Yrd. Do\u00e7. Dr. olarak ge\u00e7i\u015f yapt\u0131. 2013 y\u0131l\u0131nda T\u00fcrk\u00e7e E\u011fitimi alan\u0131nda \u201cDo\u00e7ent\u201d unvan\u0131n\u0131 ald\u0131. Ayn\u0131 y\u0131l \u0130stanbul Ayd\u0131n \u00dcniversitesi E\u011fitim Fak\u00fcltesi T\u00fcrk\u00e7e E\u011fitimi B\u00f6l\u00fcm\u00fc\u2019ne Do\u00e7. Dr. olarak atand\u0131. 2014 y\u0131l\u0131nda Y\u0131ld\u0131z Teknik \u00dcniversitesi E\u011fitim Fak\u00fcltesi T\u00fcrk\u00e7e E\u011fitimi B\u00f6l\u00fcm\u00fc\u2019ne Do\u00e7. Dr. olarak g\u00f6reve ba\u015flad\u0131. H\u00e2len ayn\u0131 g\u00f6revini s\u00fcrd\u00fcrmektedir.<\/p>\n<div class=\"su-divider su-divider-style-default\" style=\"margin:15px 0;border-width:3px;border-color:#999999\"><\/div>\n<h3><strong><a href=\"http:\/\/www.oguztanselsempozyumu.com\/wp-content\/uploads\/2016\/08\/iryna.jpg\" rel='prettyPhoto'><img decoding=\"async\" loading=\"lazy\" class=\"alignleft size-full wp-image-4680\" src=\"http:\/\/www.oguztanselsempozyumu.com\/wp-content\/uploads\/2016\/08\/iryna.jpg\" alt=\"s9\" width=\"190\" height=\"220\" \/><\/a>Do\u00e7. Dr. Iryna\u00a0DRYGA<\/strong><\/h3>\n<p>Born July, 1975, in Lugansk, Ukraine, she completed her bachelor and master\u2019s degrees both in Balkan languages and literatures and Turkic languages and literatures at Kyiv National Taras Shevchenko University (1997). She studied Rumelian dialects of Modern Turkish with a grant from the Academic Foundation of Y.Stetkevych and completed her doctorate degree in the languages of Asia, Africa, aborigines of America and Australia at A. Krymsky Institute of Oriental Studies, National Academy of Sciences of Ukraine (2001). I.Dryga spent 12 years teaching and taking the Chair of Turkology, then Oriental languages Dept. in 3 private and state universities, continuing her research projects at A.Krymsky Research Institute, NAS Ukraine. This was followed by a two-year postdoctoral grant at the same Research Institute in Kyiv. I.Dryga\u00a0took up a position as a scientific staff member and later became Leader of Turkology Sector at the IOS NASU (2014). In addition, she is currently the Chair of the State Board of examiners at Kyiv National Taras Shevchenko University. She is the author of several books on Turkology: \u2018Pontika: T\u00fcrkoloji makaleleri\u2019 (Kyiv, 2009. 480 p.), \u2018T\u00fcrk\u00e7enin Rumeli a\u011f\u0131zlar\u0131\u2019 (Kyiv\u2013Beograd, 2008, 275 p., about 100 scholarly publications. Based on her own field research (2008-2014), she attended two projects for the documentation and revitalization of the Endangered Turkic languages in Ukraine and with a grant of International Vidrodzhennia Foundation organized the 1st International &#8216;Endangered Languages in Ukraine in Turkey&#8217; Conference, launched 3 scientific projects to support the Crimean Tatar culture after Russian occupation of Crimea. She currently resides in Kyiv with her husband and two children and is now working on her book of the history of written Turkish. You can reach her at idriga@gmail.com.<\/p>\n<div class=\"su-divider su-divider-style-default\" style=\"margin:15px 0;border-width:3px;border-color:#999999\"><\/div>\n<h3><strong><a href=\"http:\/\/www.oguztanselsempozyumu.com\/wp-content\/uploads\/2015\/07\/almira.jpg\" rel='prettyPhoto'><img decoding=\"async\" loading=\"lazy\" class=\"alignleft size-full wp-image-4680\" src=\"http:\/\/www.oguztanselsempozyumu.com\/wp-content\/uploads\/2015\/07\/almira.jpg\" alt=\"s9\" width=\"190\" height=\"220\" \/><\/a>Do\u00e7. Dr. Elmira\u00a0MEMMEDOVA-KEKE\u00c7<\/strong><\/h3>\n<p>I was born in 03.06.1978 in Armenia SSR, Sisian, Destegerd. In 1985 I started school in the town. In 1988 with my family I moved from Armenia as a refugee to Baku. I graduated school number 96 in 1995 in Baku. In 1995 I began to higher education at Baku State University, Philology Faculty. In 1999, I graduated from undergraduate and graduate programs in 2001. In 2001-2004 I began a doctoral program at Azerbaijan National Academy of Sciences on behalf of the Ziya Bunyadov Oriental Institute. In 2007 I defended my thesis entitled &#8221; Osman Turkay`s role in Contemporary Turkish Cypriot Poetry Formation &#8220;.<br \/>\nIn 2001-2014 I worked in Turkish Philology Department at the Institute of Oriental Studies. In 2014 I got my Associate degree. Since 2014 I have been working at the Institute of Folklore. I also worked as a lecturer in the Department of Preparation for Foreign Students at the Azerbaijan University of Foreign Languages in 2008-2009 academic years. In 2011-2013 I worked at Azerbaijan State Pedagogical University. Since 2013 I have been working at the Khazar University as a lecturer. From September 2015 I have been serving as a lead at Baku Eurasian University in the Turkish and Foreign Philology Department. I am an author of the monograph entitled &#8220;Osman T\u00fcrkay` Poetic hereditary \u201c, more than 10 translated books and more than 90 scientific papers. I&#8217;m married to Turkish citizen. I have a daughter.<\/p>\n<div class=\"su-divider su-divider-style-default\" style=\"margin:15px 0;border-width:3px;border-color:#999999\"><\/div>\n<h3><strong><a href=\"http:\/\/www.oguztanselsempozyumu.com\/wp-content\/uploads\/2015\/07\/s11.jpg\" rel='prettyPhoto'><img decoding=\"async\" loading=\"lazy\" class=\"alignleft size-full wp-image-4682\" src=\"http:\/\/www.oguztanselsempozyumu.com\/wp-content\/uploads\/2015\/07\/s11.jpg\" alt=\"s11\" width=\"190\" height=\"220\" \/><\/a>Do\u00e7. Dr. Esra L\u00dcLE MERT<\/strong><\/h3>\n<p>She graduated from the Department of Turkish Language Teaching of the Faculty of Education, Inonu University in 2003. In the same year, she started her master\u2019s degree study at the Department of Turkish Language Teaching, Inonu University. She got her master\u2019s degree in 2005. She started her doctorate study at the \u201cTurkish Language Education\u201d Doctoral Programme of Ankara University in 2005. She completed her doctoral degree in 2009 after she had presented her doctoral thesis she prepared under the counselling of Prof. Dr. Cahit KAVCAR. In 2005, she was entitled to get the title Associate Professor Doctor in the major of Turkish Language Teaching. Lule Mert is currently a lecturer at the Turkish Language Teaching Department of Inonu University.<\/p>\n<div class=\"su-divider su-divider-style-default\" style=\"margin:15px 0;border-width:3px;border-color:#999999\"><\/div>\n<h3><strong><a href=\"http:\/\/www.oguztanselsempozyumu.com\/wp-content\/uploads\/2015\/07\/s12.jpg\" rel='prettyPhoto'><img decoding=\"async\" loading=\"lazy\" class=\"alignleft size-full wp-image-4683\" src=\"http:\/\/www.oguztanselsempozyumu.com\/wp-content\/uploads\/2015\/07\/s12.jpg\" alt=\"s12\" width=\"190\" height=\"220\" \/><\/a>Do\u00e7. Dr. Meral OZAN<\/strong><\/h3>\n<p>Dr. Meral Ozan is Associated Professor of Folk Literature at Abant \u0130zzet Baysal University in Bolu, Turkey. She acquired her MA in German Studies at Hacettepe University in Ankara, Turkey (1999) and her PhD degree also in German Studies at Ludwig-Maximillians-University (LMU) in Munich, Germany (2007). Dr. Ozan has habilitated in ethnic studies (2012). Her research areas are hermeneutics, narrative research, mythology and comparative cultural sciences. Comparison of folk believes and mythical thinking in fairy tales, epics and folk songs belongs also to her research area. She has given seminars about Literature and Cultural Sciences at University of Munich (LMU), as well. Dr. Ozan is member of several international scientific societies like HKAK, GiG, IVG, KfV and GERDER. Besides Dr. Ozan taught mythology, hermeneutic, narratology at Munich University as a visiting professor between 2008-2012.<\/p>\n<div class=\"su-divider su-divider-style-default\" style=\"margin:15px 0;border-width:3px;border-color:#999999\"><\/div>\n<h3><strong><a href=\"http:\/\/www.oguztanselsempozyumu.com\/wp-content\/uploads\/2015\/07\/sevketoznur.jpg\" rel='prettyPhoto'><img decoding=\"async\" loading=\"lazy\" class=\"alignleft size-full wp-image-4683\" src=\"http:\/\/www.oguztanselsempozyumu.com\/wp-content\/uploads\/2015\/07\/sevketoznur.jpg\" alt=\"s12\" width=\"190\" height=\"220\" \/><\/a>Do\u00e7. Dr.\u00a0\u015eevket \u00d6ZNUR<\/strong><\/h3>\n<p>He was born in Larnaka-Cyprus on 13th July 1974. \u015eevket \u00d6znur, for four years, went to the local primary school before completing his elementary education at \u015eehit Ertu\u011frul in Lefko\u015fa. He then attended 20 Temmuz High School for his secondary education and following his graduation from there he enrolled at the Department of Turkish Language and Literature, Near East University. After he finished his undergraduate studies he joined the army for his compulsory military service. He was stationed in Alsancak, Girne and while in the army he enrolled in a post-graduate diploma program at Girne American University. Advised by Prof. Dr. Abdurrahman G\u00fczel he successfully received his Master\u2019s degree in the same field with a thesis entitled \u201cK\u0131br\u0131s T\u00fcrk Halkbiliminde Bulunan T\u00fcrk\u00fc, Destan ve Manilerde Maddi \u00d6\u011feler\u201d. He later, advised by Prof. Dr. Ismail Parlat\u0131r, went on to complete his doctoral studies and obtained his PhD degree from the Near East University, Social Sciences Institute with a thesis entitled \u201cK\u0131br\u0131s T\u00fcrk\u00fcleri\u201d.<br \/>\nHe worked from 2000-2003 at the Girne American College. As from 2003 he has been working as a lecturer at the Near East University, Faculty of Arts and Sciences, Department of Turkish Language and Literature. He is also the editor of the culture and art page of the daily Halk\u0131n Sesi newspaper.<br \/>\nHe is a dedicated researcher and many of his papers and articles have been published in national and international academic journals. \u015eevket \u00d6znur is also the author and\/or co-author of twentyone books on the subject of Turkish Cypriot Folklore and Literature.<\/p>\n<div class=\"su-divider su-divider-style-default\" style=\"margin:15px 0;border-width:3px;border-color:#999999\"><\/div>\n<h3><strong><a href=\"http:\/\/www.oguztanselsempozyumu.com\/wp-content\/uploads\/2015\/07\/yilmazsaglam.jpg\" rel='prettyPhoto'><img decoding=\"async\" loading=\"lazy\" class=\"alignleft size-full wp-image-4683\" src=\"http:\/\/www.oguztanselsempozyumu.com\/wp-content\/uploads\/2015\/07\/yilmazsaglam.jpg\" alt=\"s12\" width=\"190\" height=\"220\" \/><\/a>Do\u00e7. Dr.\u00a0Y\u0131lmaz SA\u011eLAM<\/strong><\/h3>\n<p>He was born in Larnaka-Cyprus on 13th July 1974. \u015eevket \u00d6znur, for four years, went to the local primary school before completing his elementary education at \u015eehit Ertu\u011frul in Lefko\u015fa. He then attended 20 Temmuz High School for his secondary education and following his graduation from there he enrolled at the Department of Turkish Language and Literature, Near East University. After he finished his undergraduate studies he joined the army for his compulsory military service. He was stationed in Alsancak, Girne and while in the army he enrolled in a post-graduate diploma program at Girne American University. Advised by Prof. Dr. Abdurrahman G\u00fczel he successfully received his Master\u2019s degree in the same field with a thesis entitled \u201cK\u0131br\u0131s T\u00fcrk Halkbiliminde Bulunan T\u00fcrk\u00fc, Destan ve Manilerde Maddi \u00d6\u011feler\u201d. He later, advised by Prof. Dr. Ismail Parlat\u0131r, went on to complete his doctoral studies and obtained his PhD degree from the Near East University, Social Sciences Institute with a thesis entitled \u201cK\u0131br\u0131s T\u00fcrk\u00fcleri\u201d.<br \/>\nHe worked from 2000-2003 at the Girne American College. As from 2003 he has been working as a lecturer at the Near East University, Faculty of Arts and Sciences, Department of Turkish Language and Literature. He is also the editor of the culture and art page of the daily Halk\u0131n Sesi newspaper.<br \/>\nHe is a dedicated researcher and many of his papers and articles have been published in national and international academic journals. \u015eevket \u00d6znur is also the author and\/or co-author of twentyone books on the subject of Turkish Cypriot Folklore and Literature.<\/p>\n<div class=\"su-divider su-divider-style-default\" style=\"margin:15px 0;border-width:3px;border-color:#999999\"><\/div>\n<h3><strong><a href=\"http:\/\/www.oguztanselsempozyumu.com\/wp-content\/uploads\/2015\/07\/grayzn.jpg\" rel='prettyPhoto'><img decoding=\"async\" loading=\"lazy\" class=\"alignleft size-full wp-image-4683\" src=\"http:\/\/www.oguztanselsempozyumu.com\/wp-content\/uploads\/2015\/07\/grayzn.jpg\" alt=\"s12\" width=\"190\" height=\"220\" \/><\/a>Do\u00e7. Dr. Grazyna\u00a0ZAJAC<\/strong><\/h3>\n<p>Gra\u017cyna Zaj\u0105c graduated from the Faculty of Turkish Studies at Jagiellonian University in 1983. Since 2009 has been working at Jagiellonian University in Institute of Oriental Studies. In 1995 defended the doctoral dissertation titled \u201cLife and Works of Orhan Kemal\u201d. In 2009 wrote her habilitation thesis titled \u201cThe Literary Circles of the Era of Abd\u00fclhamid II in the Light of Turkish Autobiography\u201d. Her research interests lie in the area of 19th and 20th century Turkish literature, Polish-Turkish cultural and historical ties, travel books written by Poles visiting Turkey and literature of Northern Cyprus. She wrote three books, referring to Turkish literature, in Polish and around sixty articles in Turkish, English and Polish. Some of the articles were translated to Azeri Turkish. Moreover she translated short stories, poetry pieces and articles from Turkish and Azeri Turkish to Polish and from Polish to Turkish. Speaks three foreign languages: Turkish, English and Russian.<\/p>\n<div class=\"su-divider su-divider-style-default\" style=\"margin:15px 0;border-width:3px;border-color:#999999\"><\/div>\n<h3><a href=\"http:\/\/www.oguztanselsempozyumu.com\/wp-content\/uploads\/2015\/07\/s30.jpg\" rel='prettyPhoto'><img decoding=\"async\" loading=\"lazy\" class=\"alignleft size-full wp-image-4731\" src=\"http:\/\/www.oguztanselsempozyumu.com\/wp-content\/uploads\/2015\/07\/s30.jpg\" alt=\"s30\" width=\"190\" height=\"220\" \/><\/a><\/h3>\n<h3><strong>Yrd. Do\u00e7. Dr. Aziz AYVA<\/strong><\/h3>\n<p>He was born in Konya \u00c7umra province, Mehmet Ali village, in 1975. He finished elemantry school in his village school, and finished secondary school and high school in \u00c7umra. He graduated from Sel\u00e7uk University Faculty of Science and Letters, Turkish Literature and Linguistics Department in 1998 and appointed as Turkish literature and linguistics teacher to Edirne, Havsa Melahat Kilimci High School. He passed the the exam for being a research assistant in Sel\u00e7uk University in 1999. He had his MA degree in 2001 and his Ph.D. degree in 2005. He assigned as assistant professor for Konya Necmettin Erbakan University Faculty Social Sciences and Humanities in 2012, and he still teaches with that title. His areas of interest is mythology, legends, fairy tales, minstrel literature, ahi literature, and folklore. His foreign language is English.<\/p>\n<div class=\"su-divider su-divider-style-default\" style=\"margin:15px 0;border-width:3px;border-color:#999999\"><\/div>\n<h3><\/h3>\n<h3><strong><a href=\"http:\/\/www.oguztanselsempozyumu.com\/wp-content\/uploads\/2015\/07\/mehmet_cevik.png\" rel='prettyPhoto'><img decoding=\"async\" loading=\"lazy\" class=\"alignleft size-full wp-image-4885\" src=\"http:\/\/www.oguztanselsempozyumu.com\/wp-content\/uploads\/2015\/07\/mehmet_cevik.png\" alt=\"mehmet_cevik\" width=\"190\" height=\"220\" \/><\/a>Yrd. Do\u00e7. Dr.\u00a0Mehmet \u00c7EV\u0130K<\/strong><\/h3>\n<p>1980 y\u0131l\u0131nda Osmaniye\u2019de do\u011fdu. \u0130lk ve orta\u00f6\u011frenimini Osmaniye ve Adana\u2019daki \u00e7e\u015fitli okullarda tamamlad\u0131. 2002\u2019de Ankara \u00dcniversitesi Dil ve Tarih-Co\u011frafya Fak\u00fcltesi T\u00fcrk Dili ve Edebiyat\u0131 B\u00f6l\u00fcm\u00fcnden mezun oldu. Ayn\u0131 \u00fcniversitede, \u00f6nce E\u011fitim Bilimleri alan\u0131nda tezsiz, ard\u0131ndan da T\u00fcrk Halk Edebiyat\u0131 alan\u0131nda tezli y\u00fcksek lisans yapt\u0131. Gazi \u00dcniversitesinde T\u00fcrk Halk Edebiyat\u0131 alan\u0131nda 2007\u2019de ba\u015flad\u0131\u011f\u0131 doktora program\u0131n\u0131 2012\u2019de tamamlad\u0131. K\u00fclt\u00fcr ve edebiyat bilimi \u00e7er\u00e7evesindeki \u00e7al\u0131\u015fmalar\u0131yla \u00e7e\u015fitli bilimsel dergilerde ve uluslararas\u0131 sempozyumlarda yer ald\u0131. 2009-2013 aras\u0131nda Gazi \u00dcniversitesi T\u00d6MER\u2019de T\u00fcrk Dili Okutman\u0131 olarak \u00e7al\u0131\u015ft\u0131. 2013 y\u0131l\u0131nda Aksaray \u00dcniversitesi Fen-Edebiyat Fak\u00fcltesi T\u00fcrk Dili ve Edebiyat\u0131 B\u00f6l\u00fcm\u00fcne Yrd. Do\u00e7. Dr. olarak atand\u0131. H\u00e2len buradaki g\u00f6revine devam etmektedir.<\/p>\n<div class=\"su-divider su-divider-style-default\" style=\"margin:15px 0;border-width:3px;border-color:#999999\"><\/div>\n<h3><\/h3>\n<h3><strong><a href=\"http:\/\/www.oguztanselsempozyumu.com\/wp-content\/uploads\/2015\/07\/kevserkoc.jpg\" rel='prettyPhoto'><img decoding=\"async\" loading=\"lazy\" class=\"alignleft size-full wp-image-4857\" src=\"http:\/\/www.oguztanselsempozyumu.com\/wp-content\/uploads\/2015\/07\/kevserkoc.jpg\" alt=\"kevserkoc\" width=\"190\" height=\"220\" \/><\/a>Yrd. Do\u00e7. Dr. Kevser KO\u00c7<br \/>\n<\/strong><\/h3>\n<p>She was born in \u0130stanbul. After receiving her degree in Psychology from Ankara University Faculty of Language, History and Geography, she worked at different early childhood education institutions as a teacher and administrator. She received her Master\u2019s and doctoral degrees in early childhood education from Indiana University. About four years, she worked at Hacettepe University. Currently, she is teaching at the Early Childhood Education Program of Gaziantep University. Her current research interests are children\u2019s literature, ethics, and Montessori Practices in early childhood education.<\/p>\n<div class=\"su-divider su-divider-style-default\" style=\"margin:15px 0;border-width:3px;border-color:#999999\"><\/div>\n<h3><strong><a href=\"http:\/\/www.oguztanselsempozyumu.com\/wp-content\/uploads\/2015\/07\/s15.jpg\" rel='prettyPhoto'><img decoding=\"async\" loading=\"lazy\" class=\"alignleft size-full wp-image-4686\" src=\"http:\/\/www.oguztanselsempozyumu.com\/wp-content\/uploads\/2015\/07\/s15.jpg\" alt=\"s15\" width=\"190\" height=\"220\" \/><\/a>Yrd. Do\u00e7. Dr. H\u00fcseyin TUNCER<\/strong><\/h3>\n<p>He was born in I\u011fd\u0131r in 1947. He completed his primary and secondary education in I\u011fd\u0131r and he completed high school education in Kars Alparslan High School. He completed his university education in Ataturk University Faculty of Arts and Sciences Department of Turkish Language and Literature<br \/>\n(1970). He did a literature teacher and directorate in teacher schools, institute of education and high schools. He did a masters\u2019s degree (1985) and doctor\u2019s degree (1988) in Gazi University Institute of Social Sciences. First, he worked as a lecturer in Gazi University, after he went to Dokuz Eylul University as an instructor (1989). He has been working as an instructor in this faculty currently. He is married and has two children. Besides his academic studies, his review essays and critical reviews have been published in journals and magazines such as \u201cT\u00fcrk Yurdu, T\u00fcrk Edebiyat\u0131, Milli E\u011fitim, Milli K\u00fclt\u00fcr, Dolunay, Do\u011fu\u015f, Erguvan, Nil\u00fcfer, T\u00f6re, Turnalar, Folklor\/Edebiyat, Hece, Bize G\u00f6re, M\u00e2i, Esinti.\u201d He has presented papers and gave lecturers in symposiums, seminars and congresses in domestic and abroad.<\/p>\n<div class=\"su-divider su-divider-style-default\" style=\"margin:15px 0;border-width:3px;border-color:#999999\"><\/div>\n<h3><strong><a href=\"http:\/\/www.oguztanselsempozyumu.com\/wp-content\/uploads\/2015\/07\/kmlates.jpg\" rel='prettyPhoto'><img decoding=\"async\" loading=\"lazy\" class=\"alignleft size-full wp-image-4804\" src=\"http:\/\/www.oguztanselsempozyumu.com\/wp-content\/uploads\/2015\/07\/kmlates.jpg\" alt=\"kmlates\" width=\"190\" height=\"220\" \/><\/a>Dr.\u00a0Kemal ATE\u015e<\/strong><\/h3>\n<p align=\"JUSTIFY\">K\u0131r\u015fehir&#8217;in Kaman il\u00e7esinin Savc\u0131l\u0131 B\u00fcy\u00fckoba beldesine ba\u011fl\u0131 Ebeyit k\u00f6y\u00fcnde do\u011fdu. Ankara Atat\u00fcrk Lisesi&#8217;nin ard\u0131ndan 1970 y\u0131l\u0131nda Ankara \u00dcniversitesi Dil Tarih Co\u011frafya Fak\u00fcltesi, T\u00fcrk Dili ve Edebiyat\u0131 b\u00f6l\u00fcm\u00fc&#8217;nden mezun olan Ate\u015f, mezun oldu\u011fu okulda &#8220;T\u00fcrk Roman\u0131nda Y\u00f6re Diline Y\u00f6neli\u015f&#8221; konulu tezini haz\u0131rlay\u0131p y\u00fcksek lisans yapt\u0131. Doktora \u00e7al\u0131\u015fmas\u0131n\u0131 ise, Ankara \u00dcniversitesi T\u00fcrk\u00e7e&#8217;nin E\u011fitimi ve \u00d6\u011fretimi Anabilim dal\u0131nda tamamlayan yazar\u0131n, Varl\u0131k Dergisi, T\u00fcrk Dili dergisi, Yans\u0131ma, H\u00fcrriyet G\u00f6steri, E, Virg\u00fcl, \u00d6\u011fretmen D\u00fcnyas\u0131 gibi dergilerde, Milliyet, Cumhuriyet ve Ayd\u0131nl\u0131k gazetelerinde yaz\u0131lar\u0131 yay\u0131mland\u0131. Gecekondular\u0131 anlatan roman ve \u00f6yk\u00fcleri de bas\u0131lm\u0131\u015ft\u0131r.<\/p>\n<div class=\"su-divider su-divider-style-default\" style=\"margin:15px 0;border-width:3px;border-color:#999999\"><\/div>\n<h3><strong><a href=\"http:\/\/www.oguztanselsempozyumu.com\/wp-content\/uploads\/2015\/07\/slwia.jpg\" rel='prettyPhoto'><img decoding=\"async\" loading=\"lazy\" class=\"alignleft size-full wp-image-4804\" src=\"http:\/\/www.oguztanselsempozyumu.com\/wp-content\/uploads\/2015\/07\/slwia.jpg\" alt=\"kmlates\" width=\"190\" height=\"220\" \/><\/a>Dr. Sylwia\u00a0F\u0130L\u0130POWSKA<\/strong><\/h3>\n<p>Sylwia Filipowska was born in Gorlice in 1982. In 2001 started studying at Jagiellonian University in Cracow. In 2006 she graduated from the Faculty of Polish Studies and then in 2009 got her second master\u2019s degree finishing Turkish Studies. Since 2009 has been working at Jagiellonian University in Institute of Oriental Studies as the research assistant. In March 2016 completed her PhD, defending the doctoral dissertation titled \u201eObraz dziewi\u0119tnastowiecznego Stambu\u0142u w polskiej i tureckiej literaturze wspomnieniowej\u201d [The Image of the Nineteenth Century Istanbul in Polish and Turkish Memoir Literature]. Speaks two foreign languages: Turkish and English.<\/p>\n<div class=\"su-divider su-divider-style-default\" style=\"margin:15px 0;border-width:3px;border-color:#999999\"><\/div>\n<h3><a href=\"http:\/\/www.oguztanselsempozyumu.com\/wp-content\/uploads\/2015\/07\/s24.jpg\" rel='prettyPhoto'><img decoding=\"async\" loading=\"lazy\" class=\" size-full wp-image-4696 alignleft\" src=\"http:\/\/www.oguztanselsempozyumu.com\/wp-content\/uploads\/2015\/07\/s24.jpg\" alt=\"s24\" width=\"190\" height=\"220\" \/><\/a><strong>Dr. Olcay SALTIK<\/strong><\/h3>\n<p>He was born in Malatya. He completed his primary and secondary school education in \u0130zmir. He graduated from Dumlup\u0131nar University from the department of Turkish Language and Literature. He started working for National Education Ministry as a Turkish Teacher. In 2001, he completed graduate study in the\u00a0Social Sciences Institute\u00a0of\u00a0Osmangazi University, Eski\u015fehir from the department of \u00a0Turkish Language and Literature. In 2009, he started doctorate in the Institute of Education Science in\u00a0Ankara University and he succesfully completed his doctorate in 2016. He has been working for Anadolu University as a Turkish lecturer since 2004.<\/p>\n<div class=\"su-divider su-divider-style-default\" style=\"margin:15px 0;border-width:3px;border-color:#999999\"><\/div>\n<h3><a href=\"http:\/\/www.oguztanselsempozyumu.com\/wp-content\/uploads\/2015\/07\/s1.jpg\" rel='prettyPhoto'><img decoding=\"async\" loading=\"lazy\" class=\"alignleft size-full wp-image-4672\" src=\"http:\/\/www.oguztanselsempozyumu.com\/wp-content\/uploads\/2015\/07\/s1.jpg\" alt=\"s1\" width=\"190\" height=\"220\" \/><\/a><strong>Adnan B\u0130NYAZAR<\/strong><\/h3>\n<p>Adnan Binyazar,\u00a0Elaz\u0131\u011f\u00a0A\u011f\u0131n\u2019dan\u00a0Diyarbak\u0131r\u2019a g\u00f6\u00e7 eden bir ailenin \u00e7ocu\u011fu olarak 17 Mart 1934 tarihinde Diyarbak\u0131r\u2019da do\u011fdu. K\u00fc\u00e7\u00fck ya\u015ftayken babas\u0131 annesini terk etti. Gen\u00e7 ya\u015fta yaln\u0131z kalan annesi ile birlikte anneannesi ve dedesiyle ya\u015fad\u0131. \u0130lkokula 14 ya\u015f\u0131nda\u00a0A\u011f\u0131n&#8217;da ba\u015flad\u0131.\u00a0\u0130lkokulun ard\u0131ndan\u00a0Dicle K\u00f6y Enstit\u00fcs\u00fc\u2019n\u00fc ve Ankara\u00a0Gazi E\u011fitim Enstit\u00fcs\u00fc\u00a0Edebiyat B\u00f6l\u00fcm\u00fc\u2019n\u00fc bitirdi. Enstit\u00fcden mezun oluktan sonra \u00c7orum ve Mara\u015f \u0130lk\u00f6\u011fretmen okullar\u0131nda \u00f6\u011fretmenlik yapt\u0131. Emin \u00d6zdemir\u2019den ald\u0131\u011f\u0131 \u00e7a\u011fr\u0131yla geldi\u011fi Ankara&#8217;da Hacettepe \u00dcniversitesi Temel Bilimler Y\u00fcksekokulu\u2019nda \u00f6\u011fretim g\u00f6revlisi oldu.\u00a0Gazi E\u011fitim Enstit\u00fcs\u00fc\u2019nde, \u015eentepe Lisesi\u2019nde, Devlet Konservatuvar\u0131\u2019nda, \u0130ktisadi ve Ticari \u0130limler Fak\u00fcltesi Bas\u0131n Yay\u0131n Y\u00fcksekokulu\u2019nda \u00f6\u011fretmeyi s\u00fcrd\u00fcrd\u00fc,\u00a0\u00a0Mara\u015f\u2019ta \u00f6\u011fretmenlik yapt\u0131\u011f\u0131 y\u0131llarda k\u00fclt\u00fcr, yaz\u0131n, dil, e\u011fitim sorunlar\u0131n\u0131 ele ald\u0131\u011f\u0131 deneme, inceleme, de\u011ferlendirmeleri \u00e7e\u015fitli dergilerde yay\u0131nland\u0131. Ankara d\u00f6neminde de halk anlat\u0131lar\u0131na, halk edebiyat\u0131 ve diline ilgisini kitaplar\u0131yla yans\u0131tt\u0131.\u00a0\u00a0T\u00fcrk Tarih Kurumu&#8217;nda, K\u00fclt\u00fcr Bakanl\u0131\u011f\u0131&#8217;nda,\u00a0T\u00fcrk Dil Kurumu&#8217;nda g\u00f6rev yapt\u0131.\u00a0\u00a01978\u2019de Ecevit H\u00fck\u00fcmetinin K\u00fclt\u00fcr Bakanl\u0131\u011f\u0131n\u0131 yapan Ahmet Taner K\u0131\u015flal\u0131\u2019n\u0131n \u00e7a\u011fr\u0131s\u0131yla K\u00fclt\u00fcr Bakanl\u0131\u011f\u0131 Tan\u0131tma ve Yay\u0131nlar Dairesinin ba\u015fkanl\u0131\u011f\u0131n\u0131 \u00fcstlendi;\u00a0\u00a0bu g\u00f6revi s\u0131ras\u0131nda\u00a0<em>Ulusal K\u00fclt\u00fcr<\/em>\u00a0ve\u00a0<em>\u00c7eviri<\/em>\u00a0dergilerinin sorumlu y\u00f6netmenli\u011fini yapt\u0131.\u00a0T\u00fcrk Dil Kurumu\u00a0yay\u0131n kolu ba\u015fkanl\u0131\u011f\u0131na se\u00e7ildi;\u00a0T\u00fcrk Dili\u00a0dergisini y\u00f6netti. 1981\u2019de\u00a0Berlin\u00a0E\u011fitim Senatosu\u2019nun \u00e7a\u011fr\u0131s\u0131yla\u00a0Berlin\u2019e giden Binyazar,\u00a0\u0130ncila \u00d6zhan&#8217;la birlikte alt\u0131 ciltlik\u00a0<em>T\u00fcrk\u00e7e-Dil ve Okuma Kitab\u0131&#8217;<\/em>n\u0131 yazd\u0131. Bu \u00e7al\u0131\u015fmaya y\u00f6nelik bir\u00a0<em>\u00d6\u011fretmen K\u0131lavuzu<\/em>\u00a0haz\u0131rlad\u0131.\u00a0Almanya\u2019daki liselerde okutulan\u00a0T\u00fcrk\u00e7e\u00a0m\u00fcfredat\u0131\u00a0haz\u0131rlayan kurullara ba\u015fkanl\u0131k yapt\u0131.\u00a0\u0130sve\u00e7\u00a0ve\u00a0\u0130svi\u00e7re\u2019de \u00f6\u011fretmen yeti\u015ftirme,\u00a0Hollanda\u2019da kitap yazma projelerinde g\u00f6rev ald\u0131. Alman okullar\u0131nda T\u00fcrk\u00e7enin ikinci yabanc\u0131 dil olarak okutulmas\u0131 \u00fczerine, bu derslerin \u00e7er\u00e7eve plan\u0131na uygun T\u00fcrk\u00e7e 1, 2 kitaplar\u0131n\u0131 yazd\u0131. 1999\u2019da Berlin Senatosu\u2019ndan emekliye ayr\u0131larak T\u00fcrkiye\u2019ye d\u00f6nd\u00fc. \u00d6\u011fretmenli\u011fini yazarl\u0131\u011f\u0131 ile birle\u015ftirdi\u011fi 1961-1966 aras\u0131nda \u00e7e\u015fitli dergilerde \u00f6yk\u00fcleri yay\u0131nlanan Binyazar, daha sonra ele\u015ftiri, deneme, roman, inceleme, ara\u015ft\u0131rma t\u00fcr\u00fcnde toplumun k\u00fclt\u00fcrel de\u011ferlerini \u00f6ne \u00e7\u0131kartan bir\u00e7ok kitap yazd\u0131. Toplumlar\u0131n ulusal k\u00fclt\u00fcrlerini ya\u015fatmas\u0131 ve geli\u015ftirmesinin gereklili\u011fine inand\u0131 ve T\u00fcrk edebiyat\u0131n\u0131n halk anlat\u0131lar\u0131n\u0131n esteti\u011fi ile beslenmedik\u00e7e okuyucuya yabanc\u0131 kalaca\u011f\u0131n\u0131 savundu. Halk anlat\u0131lar\u0131n\u0131 ve halk edebiyat\u0131n\u0131 g\u00fcn\u00fcm\u00fcze ta\u015f\u0131mak amac\u0131yla bir\u00e7ok masal ve \u00f6yk\u00fcy\u00fc yeniden kaleme ald\u0131.<\/p>\n<div class=\"su-divider su-divider-style-default\" style=\"margin:15px 0;border-width:3px;border-color:#999999\"><\/div>\n<h3><strong><a href=\"http:\/\/www.oguztanselsempozyumu.com\/wp-content\/uploads\/2015\/07\/s31.jpg\" rel='prettyPhoto'><img decoding=\"async\" loading=\"lazy\" class=\"alignleft size-full wp-image-4804\" src=\"http:\/\/www.oguztanselsempozyumu.com\/wp-content\/uploads\/2015\/07\/s31.jpg\" alt=\"kmlates\" width=\"190\" height=\"220\" \/><\/a>Emin \u00d6ZDEM\u0130R<br \/>\n<\/strong><\/h3>\n<p>Emin \u00d6zdemir, 1931 y\u0131l\u0131nda Kemaliye&#8217;de do\u011fdu. Pamukp\u0131nar K\u00f6y Enstit\u00fcs\u00fc&#8217;nden sonra Gazi \u00dcniversitesi T\u00fcrk Dili ve Edebiyat\u0131 B\u00f6l\u00fcm\u00fc&#8217;n\u00fc bitirdi (1953). Amerika&#8217;da Colombia ve \u0130ndiana \u00dcniversitelerinde &#8216;metin haz\u0131rlama ve anlat\u0131m teknikleri&#8217; konusunda e\u011fitim g\u00f6rd\u00fc. Hacettepe \u00dcniversitesi Temel Bilimler Fak\u00fcltesi Temel T\u00fcrk\u00e7e B\u00f6l\u00fcm\u00fc&#8217;nde \u00f6\u011fretim g\u00f6revlisi olarak \u00e7al\u0131\u015ft\u0131. Ankara \u00dcniversitesi Bas\u0131n ve Yay\u0131n Y\u00fcksekokulu, bug\u00fcnk\u00fc ad\u0131yla \u0130leti\u015fim Fak\u00fcltesi \u00f6\u011fretim g\u00f6revlili\u011fine ge\u00e7ti. Bu g\u00f6revinden emekliye ayr\u0131ld\u0131 (1996). Emekliye ayr\u0131ld\u0131ktan sonra T\u00fcrk Dil Kurumu&#8217;nun \u00e7al\u0131\u015fmalar\u0131na etkin bir bi\u00e7imde kat\u0131ld\u0131.<\/p>\n<div class=\"su-divider su-divider-style-default\" style=\"margin:15px 0;border-width:3px;border-color:#999999\"><\/div>\n<h3><strong><a href=\"http:\/\/www.oguztanselsempozyumu.com\/wp-content\/uploads\/2015\/07\/s32.jpg\" rel='prettyPhoto'><img decoding=\"async\" loading=\"lazy\" class=\"alignleft size-full wp-image-4804\" src=\"http:\/\/www.oguztanselsempozyumu.com\/wp-content\/uploads\/2015\/07\/s32.jpg\" alt=\"kmlates\" width=\"190\" height=\"220\" \/><\/a>Mustafa Ruhi \u015e\u0130R\u0130N<br \/>\n<\/strong><\/h3>\n<p>Born in 1955 in Trabzon, Mustafa Ruhi \u015eirin spent his childhood in a village in the Black Sea mountain region. He has not ceased longing for his father who died when he was seven years old. He grew up dreaming of becoming a sea captain and one day sailing the high seas. He holds a degree in Radio and Television Broadcasting and retired from Turkish State Radio and Television (TRT) in 2011 after 35 years of service. \u015eirin has always kept his inner child alive. He has been interested in children\u2019s literature and children\u2019s rights starting with the birth of his son in 1977. He established Children\u2019s Foundation in 1990. He has organized conferences and conventions for children and adults alike. \u201cSeeing all children through one child\u201d represents his philosophy. He wrote his first poem when he was 13 years old that read; \u201cThe snowy mountains are sleeping\/rain, rain with no hands\/rain&#8230;\u201c He has been keeping a journal since then. Unfortunately, his diaries from the years 1968-1973, kept in a chest, were lost. He still hopes and waits for the day, his imaginary friend Naz might bring these lost diaries back. He is best known as a children\u2019s literature author and children\u2019s right advocate. His published children\u2019s books are: Tale Letters (Letter, 1983), Sky Flowers (Poetry, 1983), If Only I Have Umbrella Made Out of Birds (Poetry, 2004), The Cat Who Goes to School (Poetry, 2012), The Best Place in the Whole World (Poetry, 2012), The Brotherhood of Alphabet Letters (Poetry, 2012),\u00a0 A Butterfly Under the Snow (Poetic Tale, 1986), The Cuckoo Clock\u2019s Dove (Artistic Tale, 1989), Every Child has a Star (Story, 1993), The Child Who Dreams Blue (Story\/Tale, 2003). The Cat Who Plays Harmonica (Story, 2004), Bravo My Child Bravo (Essay, 2004), The Man who Smiles to the World (Poetic Nasrettin Hoca Tales, 2004), Hey, Buddy Earth! You\u2019re it! (Imaginary Letters, 2006). His research-based publications are: <em>Stories with Child\u2019s Face<\/em> (Essay, 1996), <em>The Dream Time<\/em> (Poetry, 1997), <em>The World is A Luna Park<\/em> (Poetry, 2012), <em>A Mitten with No Hand <\/em>(Poetry 2016),<em> The Tree that Counts the Stars (<\/em>Poetry Collection, 2002)<em>Television, Child and Family<\/em> (Research, 1998), <em>Conversations Dedicated to Children<\/em> (Talk, 1998), <em>Cocoon of Childhood<\/em> (Research, 1998), <em>The Children of Performance Era<\/em> (Research, 1996), <em>Tale Atlas<\/em> (Research, 1998), <em>The Story of Besieged Children<\/em> (Research, 1999), <em>Like Life<\/em> (Diary, 2001), <em>The Tree that Counts\u00a0 Stars<\/em> (Poetry Collection, 2002), <em>Our Lesson is Children<\/em> (Opinion Piece on Children, 2006), <em>A Child is a Child<\/em> (Opinion Piece on Children, 2006), <em>The Culture of Children\u2019s Literature <\/em>(Research, 2007), <em>Critical Children\u2019s Literature<\/em> (Critical Literature, 2007), <em>Conversations dedicated to children I-II.<\/em> His poems, stories and tales are translated into Arabic, German, Farsi, English, Hungarian, Macedonian, Russian, Romanian, Serbian, Bosnian, Uzbek, and Urdu. Some of his children\u2019s books have become thesis research topics of master programs in 2002, 2008, 2010, 2011, and 2014. His books were studied as dissertation topics in Egypt in 2010 and in Erzurum Ataturk University in 2012. <em>Tale Letters<\/em> was selected as the book of the year by The Turkish Writers\u2019 Association in 1982. He received an award for his 1993 his picture book, <em>The Bird Tree<\/em>, (Illustrations by Nazan Erkmen) from the UNESCO Asian Cultural Center. His studies and research in children\u2019s rights earned him a lifelong honorary award presented on Children\u2019s Day by the Kocaeli Municipality as well as an honorary doctorate from Kirklareli University in May 2012. In 2015 he received his recent children\u2019s literature award from 7<sup>th<\/sup> Literature Festival.<\/p>\n<div class=\"su-divider su-divider-style-default\" style=\"margin:15px 0;border-width:3px;border-color:#999999\"><\/div>\n<h3><strong><a href=\"http:\/\/www.oguztanselsempozyumu.com\/wp-content\/uploads\/2015\/07\/yunluaydin.jpg\" rel='prettyPhoto'><img decoding=\"async\" loading=\"lazy\" class=\"alignleft size-full wp-image-4805\" src=\"http:\/\/www.oguztanselsempozyumu.com\/wp-content\/uploads\/2015\/07\/yunluaydin.jpg\" alt=\"yunluaydin\" width=\"190\" height=\"220\" \/><\/a>\u00d6\u011fr. G\u00f6r. Y\u00fccel \u00dcNL\u00dc AYDIN<br \/>\n<\/strong><\/h3>\n<p align=\"JUSTIFY\">Gazi \u00dcniversitesi T\u00fcrk Dili ve Edebiyat\u0131 B\u00f6l\u00fcm\u00fc\u2019nden 2005 y\u0131l\u0131nda mezun oldu. \u00a02005- 2008 y\u0131llar\u0131 aras\u0131nda Gazi \u00dcniversitesi Sosyal Bilimler Enstit\u00fcs\u00fc T\u00fcrk Dili ve Edebiyat\u0131 Ana Bilim Dal\u0131, Eski T\u00fcrk Edebiyat\u0131 Bilim Dal\u0131\u2019nda y\u00fcksek lisans yapt\u0131. Rize \u00dcniversitesitesi\u2019nde 2007-2009 y\u0131\u0131lar\u0131 aras\u0131nda ara\u015ft\u0131rma g\u00f6revlisi olarak \u00e7al\u0131\u015fm\u0131\u015ft\u0131r. H\u00e2len Gazi \u00dcniversitesi\u2019nde doktora \u00e7al\u0131\u015fmalar\u0131na devam etmekte Ortado\u011fu Teknik \u00dcniversitesi T\u00fcrk Dili B\u00f6l\u00fcm\u00fc\u2019nde \u00a0okutmanl\u0131k g\u00f6revini s\u00fcrd\u00fcrmektedir.<\/p>\n<div class=\"su-divider su-divider-style-default\" style=\"margin:15px 0;border-width:3px;border-color:#999999\"><\/div>\n<h3><strong><a href=\"http:\/\/www.oguztanselsempozyumu.com\/wp-content\/uploads\/2015\/07\/sibly\u0131lmaz.jpg\" rel='prettyPhoto'><img decoding=\"async\" loading=\"lazy\" class=\"alignleft size-full wp-image-4806\" src=\"http:\/\/www.oguztanselsempozyumu.com\/wp-content\/uploads\/2015\/07\/sibly\u0131lmaz.jpg\" alt=\"sibly\u0131lmaz\" width=\"190\" height=\"220\" \/><\/a>\u00d6\u011fr. G\u00f6r. Sibel YILMAZ<br \/>\n<\/strong><\/h3>\n<p>She was born in Bulgaria, in 1986..After completing her high school education at Ankara Ayd\u0131nl\u0131kevler High School, she was graduated from Gazi University, Turkish Language and Literature Department in 2008. In 2010,she got a master degree from Gazi Universty, Institute of Social Sciences, Turkish Language and Literature Department, Modern Turkish Literature Discipline after completing her thesis \u201cOsman \u015eahin\u2019s Stories (Structure-Theme-Expression)\u201d. She has been continuing her doctorate study at the same university and has been working as a lecturer at Middle East Technical University, Turkish Language Department. Besides her academic studies, her review essays and critical reviews have been puplished in journals and magazines such as Varl\u0131k, S\u00f6zc\u00fckler, D\u00fcnyan\u0131n \u00d6yk\u00fcs\u00fc, \u0130zafi, Kurgan, Ayra\u00e7 and Deliler Teknesi.<\/p>\n<div class=\"su-divider su-divider-style-default\" style=\"margin:15px 0;border-width:3px;border-color:#999999\"><\/div>\n<h3><a href=\"http:\/\/www.oguztanselsempozyumu.com\/wp-content\/uploads\/2015\/07\/s16.jpg\" rel='prettyPhoto'><img decoding=\"async\" loading=\"lazy\" class=\"alignleft size-full wp-image-4687\" src=\"http:\/\/www.oguztanselsempozyumu.com\/wp-content\/uploads\/2015\/07\/s16.jpg\" alt=\"s16\" width=\"190\" height=\"220\" \/><\/a><\/h3>\n<h3><strong>G\u00fcnay G\u00dcNER<\/strong><\/h3>\n<p>He was born in 1963 in Erzincan. He lived in many cities during the education. He graduated Gazi University Faculty of Economics and Administrative Sciences in 1984. He has a master&#8217;s degree in economics in 1997, Gazi University Institute of Social Sciences.<\/p>\n<p>He continues to write poetry and study mainly work began in the 1980s. Some of the publications of his studies are published: \u00c7a\u011fda\u015f T\u00fcrk Dili, Patika, \u00d6\u011fretmen D\u00fcnyas\u0131, Damar, K\u0131y\u0131, \u0130zlek, Varl\u0131k, Edebiyat ve Ele\u015ftiri, Cumhuriyet, Cumhuriyet Kitap, Cumhuriyet Bilim ve Teknoloji, Afrodisyas Sanat, Bilim ve Gelecek, M\u00fclkiye, Folklor\/Edebiyat, Turnalar, Anadolu Ekini, Agora, Kavram Karma\u015fa, Pencere, \u015eair \u00c7al\u0131\u015f\u0131yor (le po\u00e9te travaille), Akademi G\u00f6ky\u00fcz\u00fc, Berfin Bahar, \u015eiiri \u00d6zl\u00fcyorum, M\u00fch\u00fcr, Tan Edebiyat, Radikal Kitap, \u00dcvercinka\u2026<\/p>\n<p>He was the Ankara representative \u015eair \u00c7al\u0131\u015f\u0131yor and Akademi G\u00f6ky\u00fcz\u00fc of the literary magazine.<\/p>\n<p>He is a member of the association are as follows: Dil Derne\u011fi, Edebiyat\u00e7\u0131lar Derne\u011fi, K\u0131br\u0131s Balkanlar Avrasya T\u00fcrk Edebiyatlar\u0131 Kurumu (KIBATEK), K\u00f6y Enstit\u00fcleri ve \u00c7a\u011fda\u015f E\u011fitim Vakf\u0131 (KE\u00c7EV) ve T\u00fcrkiye \u0130nsan Haklar\u0131 Kurumu\u2019nun (TIHAK).<\/p>\n<p>He is the director of the \u00c7a\u011fda\u015f T\u00fcrk Dili (Contemporary Turkish language) magazine publishing.<\/p>\n<div class=\"su-divider su-divider-style-default\" style=\"margin:15px 0;border-width:3px;border-color:#999999\"><\/div>\n<h3><strong><a href=\"http:\/\/www.oguztanselsempozyumu.com\/wp-content\/uploads\/2015\/07\/s26.jpg\" rel='prettyPhoto'><img decoding=\"async\" loading=\"lazy\" class=\"alignleft size-full wp-image-4688\" src=\"http:\/\/www.oguztanselsempozyumu.com\/wp-content\/uploads\/2015\/07\/s26.jpg\" alt=\"s26\" width=\"190\" height=\"220\" \/><\/a>Ar\u015f. G\u00f6r. Sedat KARAG\u00dcL<\/strong><\/h3>\n<p>He was born in \u0130zmir and completed his primary, secondary and university education in \u0130zmir. He received the bachelor\u2019s degree in Turkish Language Education in 2007 from Dokuz Eylul University Buca Faculty of Education and in the same year he began the master programme in Turkish Language Education in Dokuz Eylul University Institute of Educational Sciences. In 2009 he was appointed as a research assistant at Mehmet Akif Ersoy University. In 2010 he received the master\u2019s degree and in 2011 began the doctorate programme in Turkish Language Education in Ankara University Institute of Educational Sciences. Since 2011 he has been working as a research assistant in Ankara University according to Article 35 of the Higher Education Law and pursuing doctoral studies.<\/p>\n<div class=\"su-divider su-divider-style-default\" style=\"margin:15px 0;border-width:3px;border-color:#999999\"><\/div>\n<h3><strong><a href=\"http:\/\/www.oguztanselsempozyumu.com\/wp-content\/uploads\/2015\/07\/s27.jpg\" rel='prettyPhoto'><img decoding=\"async\" loading=\"lazy\" class=\"alignleft size-full wp-image-4725\" src=\"http:\/\/www.oguztanselsempozyumu.com\/wp-content\/uploads\/2015\/07\/s27.jpg\" alt=\"s27\" width=\"190\" height=\"220\" \/><\/a>Ar\u015f. G\u00f6r. Emine AKY\u00dcZ<\/strong><\/h3>\n<p>Adana Ay\u015fe At\u0131l Anadolu \u00d6\u011fretmen Lisesi\u2019nden 2005 y\u0131l\u0131nda, Gazi \u00dcniversitesi Gazi E\u011fitim Fak\u00fcltesi T\u00fcrk\u00e7e E\u011fitimi B\u00f6l\u00fcm\u00fc\u2019nden 2009 y\u0131l\u0131nda mezun oldu. Y\u00fcksek lisans e\u011fitimini Ankara \u00dcniversitesi E\u011fitim Bilimleri Enstit\u00fcs\u00fc T\u00fcrk\u00e7e E\u011fitimi Y\u00fcksek Lisans Program\u0131\u2019nda tamamlad\u0131. Ayn\u0131 alanda doktora e\u011fitimine devam etmekte ve 2012 y\u0131l\u0131ndan bu yana Ankara \u00dcniversitesi E\u011fitim Bilimleri Fak\u00fcltesi\u2019nde ara\u015ft\u0131rma g\u00f6revlisi olarak g\u00f6rev yapmaktad\u0131r.<\/p>\n<div class=\"su-divider su-divider-style-default\" style=\"margin:15px 0;border-width:3px;border-color:#999999\"><\/div>\n<h3><strong><a href=\"http:\/\/www.oguztanselsempozyumu.com\/wp-content\/uploads\/2015\/07\/s17.jpg\" rel='prettyPhoto'><img decoding=\"async\" loading=\"lazy\" class=\"alignleft size-full wp-image-4689\" src=\"http:\/\/www.oguztanselsempozyumu.com\/wp-content\/uploads\/2015\/07\/s17.jpg\" alt=\"s17\" width=\"190\" height=\"220\" \/><\/a>Ar\u015f. G\u00f6r. \u0130lke ALTUNTA\u015e<\/strong><\/h3>\n<p>2009\u2019da Mersin \u00dcniversitesi T\u00fcrk\u00e7e \u00d6\u011fretmenli\u011fi B\u00f6l\u00fcm\u00fcnden, 2012\u2019de \u00c7ukurova \u00dcniversitesi \u0130lk\u00f6\u011fretim B\u00f6l\u00fcm\u00fc (T\u00fcrk\u00e7e) Y\u00fcksek Lisans Program\u0131ndan mezun olmu\u015ftur. 2011 y\u0131l\u0131nda \u00d6\u011fretim \u00dcyesi Yeti\u015ftirme Program\u0131 (\u00d6YP) kapsam\u0131nda \u00c7ukurova \u00dcniversitesi E\u011fitim Fak\u00fcltesine ara\u015ft\u0131rma g\u00f6revlisi olarak atanm\u0131\u015ft\u0131r. 2013\u2019te Ankara \u00dcniversitesi E\u011fitim Bilimleri Enstit\u00fcs\u00fc G\u00fczel Sanatlar E\u011fitimi Anabilim Dal\u0131nda doktoraya ba\u015flam\u0131\u015ft\u0131r. 2013 y\u0131l\u0131ndan beri \u00d6YP 35. Madde\u2019ye ba\u011fl\u0131 olarak Ankara \u00dcniversitesi E\u011fitim Bilimleri Fak\u00fcltesinde ara\u015ft\u0131rma g\u00f6revlisi olarak \u00e7al\u0131\u015fmaktad\u0131r.<\/p>\n<div class=\"su-divider su-divider-style-default\" style=\"margin:15px 0;border-width:3px;border-color:#999999\"><\/div>\n<h3><strong><a href=\"http:\/\/www.oguztanselsempozyumu.com\/wp-content\/uploads\/2015\/07\/s18.jpg\" rel='prettyPhoto'><img decoding=\"async\" loading=\"lazy\" class=\"alignleft size-full wp-image-4690\" src=\"http:\/\/www.oguztanselsempozyumu.com\/wp-content\/uploads\/2015\/07\/s18.jpg\" alt=\"s18\" width=\"190\" height=\"220\" \/><\/a>Ar\u015f. G\u00f6r. Mehmet Ali BAHAR<\/strong><\/h3>\n<p>\u00c7anakkale Onsekiz Mart \u00dcniversitesi E\u011fitim Fak\u00fcltesi T\u00fcrk\u00e7e \u00d6\u011fretmenli\u011fi B\u00f6l\u00fcm\u00fc&#8217;nden 2008 y\u0131l\u0131nda mezun oldu ve ayn\u0131 y\u0131l ilk atama ile ayn\u0131 ile \u00f6\u011fretmen olarak atand\u0131. Bu ilde T\u00fcrk\u00e7e e\u011fitimi alan\u0131nda 2010 y\u0131l\u0131nda tezli y\u00fcksek lisans\u0131n\u0131 tamamlad\u0131 ve bir d\u00f6nem misafir \u00f6\u011fretim g\u00f6revlisi olarak \u201cT\u00fcrk Edebiyat\u0131nda Mizah\u201d derslerini y\u00fcr\u00fctt\u00fc. \u00d6YP ile 2011 y\u0131l\u0131nda Amasya \u00dcniversitesi E\u011fitim Fak\u00fcltesi T\u00fcrk\u00e7e \u00d6\u011fretmenli\u011fi B\u00f6l\u00fcm\u00fc&#8217;ne ara\u015ft\u0131rma g\u00f6revlisi olarak atand\u0131. Dokuz Eyl\u00fcl \u00dcniversitesi\u2019nde alt\u0131 ayl\u0131k bir yabanc\u0131 dil e\u011fitimi ald\u0131ktan sonra ayn\u0131 y\u0131l Gazi \u00dcniversitesi E\u011fitim Bilimleri Enstit\u00fcs\u00fc T\u00fcrk\u00e7e E\u011fitimi Ana Bilim Dal\u0131\u2019nda doktora e\u011fitimine ba\u015flad\u0131. H\u00e2len bu \u00fcniversitede \u00e7al\u0131\u015fmalar\u0131na devam etmekte olan ara\u015ft\u0131rmac\u0131, 2012-2013 e\u011fitim \u00f6\u011fretim y\u0131l\u0131nda Gazi \u00dcniversitesi T\u00d6MER, 2014-2015 e\u011fitim \u00f6\u011fretim y\u0131l\u0131nda da Genelkurmay Ba\u015fkanl\u0131\u011f\u0131 GATA\u2019da yabanc\u0131lara T\u00fcrk\u00e7e dersleri vermi\u015ftir. Ara\u015ft\u0131rmac\u0131n\u0131n okur odakl\u0131 okuma, al\u0131mlama esteti\u011fi ve akademik yazma ile ilgili birtak\u0131m ara\u015ft\u0131rmalar\u0131 bulunmaktad\u0131r.<\/p>\n<div class=\"su-divider su-divider-style-default\" style=\"margin:15px 0;border-width:3px;border-color:#999999\"><\/div>\n<h3><strong><a href=\"http:\/\/www.oguztanselsempozyumu.com\/wp-content\/uploads\/2015\/07\/s19.jpg\" rel='prettyPhoto'><img decoding=\"async\" loading=\"lazy\" class=\"alignleft size-full wp-image-4691\" src=\"http:\/\/www.oguztanselsempozyumu.com\/wp-content\/uploads\/2015\/07\/s19.jpg\" alt=\"s19\" width=\"190\" height=\"220\" \/><\/a>Ar\u015f. G\u00f6r. Sevilay BULUT<\/strong><\/h3>\n<p>1987 y\u0131l\u0131nda Erzincan\u2019da do\u011fdu. \u0130lk, orta ve y\u00fcksek \u00f6\u011frenimini Erzincan\u2019da tamamlad\u0131. 2009 y\u0131l\u0131nda Atat\u00fcrk \u00dcniversitesi Erzincan E\u011fitim Fak\u00fcltesi T\u00fcrk\u00e7e \u00d6\u011fretmenli\u011fi b\u00f6l\u00fcm\u00fcnden mezun oldu. Ayn\u0131 y\u0131l Karadeniz Teknik \u00dcniversitesi E\u011fitim Bilimleri Enstit\u00fcs\u00fc T\u00fcrk\u00e7e E\u011fitimi Anabilim Dal\u0131\u2019nda Y\u00fcksek Lisans Program\u0131na ba\u015flad\u0131 ve 2011 y\u0131l\u0131nda buradaki e\u011fitimini tamamlad\u0131. 2010 y\u0131l\u0131nda Recep Tayyip Erdo\u011fan \u00dcniversitesi, E\u011fitim Fak\u00fcltesi T\u00fcrk\u00e7e E\u011fitimi B\u00f6l\u00fcm\u00fcnde ara\u015ft\u0131rma g\u00f6revlisi olarak i\u015fe ba\u015flad\u0131. 2012 y\u0131l\u0131 itibariyle Ankara \u00dcniversitesi E\u011fitim Bilimleri Enstit\u00fcs\u00fc\u2019nde 35.madde ile g\u00f6revlendirilmi\u015f bulunmakta ve ayn\u0131 enstit\u00fcde T\u00fcrk\u00e7e E\u011fitimi Doktora Program\u0131nda e\u011fitimine devam etmektedir.<\/p>\n<div class=\"su-divider su-divider-style-default\" style=\"margin:15px 0;border-width:3px;border-color:#999999\"><\/div>\n<h3><strong><a href=\"http:\/\/www.oguztanselsempozyumu.com\/wp-content\/uploads\/2015\/07\/s20.jpg\" rel='prettyPhoto'><img decoding=\"async\" loading=\"lazy\" class=\"alignleft size-full wp-image-4692\" src=\"http:\/\/www.oguztanselsempozyumu.com\/wp-content\/uploads\/2015\/07\/s20.jpg\" alt=\"s20\" width=\"190\" height=\"220\" \/><\/a>Ar\u015f. G\u00f6r. Burcu \u00c7ILDIR<\/strong><\/h3>\n<h3><\/h3>\n<p>2008 y\u0131l\u0131nda Erzincan \u00dcniversitesi T\u00fcrk\u00e7e \u00d6\u011fretmenli\u011fi B\u00f6l\u00fcm\u00fcnden, 2010 y\u0131l\u0131nda Erzincan \u00dcniversitesi T\u00fcrk\u00e7e \u00d6\u011fretmenli\u011fi Anabilim Dal\u0131 Y\u00fcksek Lisans Program\u0131ndan mezun olmu\u015ftur. 2011 y\u0131l\u0131nda 35. Maddeye ba\u011fl\u0131 olarak Ankara \u00dcniversitesi G\u00fczel Sanatlar E\u011fitimi B\u00f6l\u00fcm\u00fcnde ara\u015ft\u0131rma g\u00f6revlisi olarak g\u00f6rev yapmaya ba\u015flam\u0131\u015ft\u0131r. Ankara \u00dcniversitesi E\u011fitim Bilimleri Enstit\u00fcs\u00fc T\u00fcrk\u00e7e E\u011fitimi Doktora Program\u0131nda \u00f6\u011frenimine devam etmektedir.<\/p>\n<div class=\"su-divider su-divider-style-default\" style=\"margin:15px 0;border-width:3px;border-color:#999999\"><\/div>\n<h3><strong><a href=\"http:\/\/www.oguztanselsempozyumu.com\/wp-content\/uploads\/2015\/07\/s21.jpg\" rel='prettyPhoto'><img decoding=\"async\" loading=\"lazy\" class=\"alignleft size-full wp-image-4693\" src=\"http:\/\/www.oguztanselsempozyumu.com\/wp-content\/uploads\/2015\/07\/s21.jpg\" alt=\"s21\" width=\"190\" height=\"220\" \/><\/a>Ar\u015f. G\u00f6r. Bilge Nur DO\u011eAN G\u00dcLDENO\u011eLU<\/strong><\/h3>\n<p>2009 y\u0131l\u0131nda K\u0131r\u0131kkale \u00dcniversitesi T\u00fcrk Dili ve Edebiyat\u0131 B\u00f6l\u00fcm\u00fcnden, 2010\u2019da Ankara \u00dcniversitesi Orta\u00f6\u011fretim Sosyal Alanlar E\u011fitimi T\u00fcrk Dili ve Edebiyat\u0131 \u00d6\u011fretmenli\u011fi Tezsiz Y\u00fcksek Lisans Program\u0131ndan, 2013\u2019te ise Ankara \u00dcniversitesi E\u011fitim Bilimleri Enstit\u00fcs\u00fc T\u00fcrk\u00e7e E\u011fitimi Y\u00fcksek Lisans Program\u0131ndan mezun olmu\u015ftur. Ayn\u0131 enstit\u00fcde T\u00fcrk\u00e7e E\u011fitimi Doktora Program\u0131nda \u00f6\u011frenimini s\u00fcrd\u00fcrmektedir. 2011 y\u0131l\u0131ndan bu yana Ankara \u00dcniversitesi E\u011fitim Bilimleri Fak\u00fcltesi E\u011fitimin K\u00fclt\u00fcrel Temelleri B\u00f6l\u00fcm\u00fc G\u00fczel Sanatlar E\u011fitimi Anabilim Dal\u0131nda ara\u015ft\u0131rma g\u00f6revlisi olarak \u00e7al\u0131\u015fmaktad\u0131r.<\/p>\n<div class=\"su-divider su-divider-style-default\" style=\"margin:15px 0;border-width:3px;border-color:#999999\"><\/div>\n<h3><strong><a href=\"http:\/\/www.oguztanselsempozyumu.com\/wp-content\/uploads\/2015\/07\/s22.jpg\" rel='prettyPhoto'><img decoding=\"async\" loading=\"lazy\" class=\"alignleft size-full wp-image-4694\" src=\"http:\/\/www.oguztanselsempozyumu.com\/wp-content\/uploads\/2015\/07\/s22.jpg\" alt=\"s22\" width=\"190\" height=\"220\" \/><\/a>Ar\u015f. G\u00f6r. Demet G\u00dcL\u00c7\u0130\u00c7EK ESEN<\/strong><\/h3>\n<p>Dokuz Eyl\u00fcl \u00dcniversitesi Buca E\u011fitim Fak\u00fcltesi T\u00fcrk\u00e7e \u00d6\u011fretmenli\u011fi B\u00f6l\u00fcm\u00fcnden, 2009 y\u0131l\u0131nda mezun oldu. Ayn\u0131 y\u0131l, Dokuz Eyl\u00fcl \u00dcniversitesi E\u011fitim Bilimleri Enstit\u00fcs\u00fcn\u00fcn T\u00fcrk\u00e7e E\u011fitimi Anabilim Dal\u0131nda y\u00fcksek lisansa ba\u015flad\u0131. 2010 y\u0131l\u0131nda Mehmet Akif Ersoy \u00dcniversitesi T\u00fcrk\u00e7e E\u011fitimi B\u00f6l\u00fcm\u00fcne ara\u015ft\u0131rma g\u00f6revlisi olarak atand\u0131. 2012 y\u0131l\u0131nda Ankara \u00dcniversitesi G\u00fczel Sanatlar E\u011fitimi Bilim Dal\u0131 T\u00fcrk\u00e7e E\u011fitimi Doktora Program\u0131\u2019na ba\u015flad\u0131. 2012 y\u0131l\u0131ndan bu yana 35. Madde kapsam\u0131nda Ankara \u00dcniversitesi E\u011fitimin K\u00fclt\u00fcrel Temelleri Anabilim Dal\u0131 G\u00fczel Sanatlar E\u011fitimi Bilim Dal\u0131nda ara\u015ft\u0131rma g\u00f6revlisi olarak \u00e7al\u0131\u015fmakta ve doktora e\u011fitimine devam etmektedir.<\/p>\n<div class=\"su-divider su-divider-style-default\" style=\"margin:15px 0;border-width:3px;border-color:#999999\"><\/div>\n<h3><strong><a href=\"http:\/\/www.oguztanselsempozyumu.com\/wp-content\/uploads\/2015\/07\/ozlemkanat.jpg\" rel='prettyPhoto'><img decoding=\"async\" loading=\"lazy\" class=\"alignleft size-full wp-image-4861\" src=\"http:\/\/www.oguztanselsempozyumu.com\/wp-content\/uploads\/2015\/07\/ozlemkanat.jpg\" alt=\"ozlemkanat\" width=\"190\" height=\"220\" \/><\/a><\/strong><\/h3>\n<h3><strong>Ar\u015f. G\u00f6r. \u00d6zlem KANAT SOYSAL<\/strong><\/h3>\n<p>Ankara \u00dcniversitesi E\u011fitim Bilimleri Fak\u00fcltesi Sosyal Bilgiler \u00d6\u011fretmenli\u011fi Program\u0131ndan 2009\u2019da, A\u00dc E\u011fitim Bilimleri Enstit\u00fcs\u00fc T\u00fcrk\u00e7e E\u011fitimi Y\u00fcksek Lisans Program\u0131ndan ise 2012\u2019de mezun olmu\u015ftur. A\u00dc E\u011fitim Bilimleri Enstit\u00fcs\u00fc T\u00fcrk\u00e7e E\u011fitimi Doktora Program\u0131na devam etmektir. 2009 y\u0131l\u0131nda Ankara \u00dcniversitesi E\u011fitimin K\u00fclt\u00fcrel Temelleri B\u00f6l\u00fcm\u00fc G\u00fczel Sanatlar E\u011fitimi Anabilim Dal\u0131na ara\u015ft\u0131rma g\u00f6revlisi olarak atanm\u0131\u015ft\u0131r; an\u0131lan y\u0131ldan g\u00fcn\u00fcm\u00fcze bu g\u00f6revini s\u00fcrd\u00fcrmektedir.<\/p>\n<div class=\"su-divider su-divider-style-default\" style=\"margin:15px 0;border-width:3px;border-color:#999999\"><\/div>\n<h3><strong><a href=\"http:\/\/www.oguztanselsempozyumu.com\/wp-content\/uploads\/2015\/07\/s23.jpg\" rel='prettyPhoto'><img decoding=\"async\" loading=\"lazy\" class=\"alignleft size-full wp-image-4695\" src=\"http:\/\/www.oguztanselsempozyumu.com\/wp-content\/uploads\/2015\/07\/s23.jpg\" alt=\"s23\" width=\"190\" height=\"220\" \/><\/a>Ar\u015f. G\u00f6r. Yonca KO\u00c7MAR<\/strong><\/h3>\n<p>She was born in 1986 in Adapazar\u0131 and completed her primary and secondary education in Adapazar\u0131. She received the bachelor\u2019s degree in Turkish Language Education in 2008 from Sakarya University Faculty of Education and in the same year she began the master programme in Turkish Language Education in Sakarya University Institute of Educational Sciences. In 2009 she was appointed as a research assistant at Sakarya University. In 2011 she received the master\u2019s degree and began the doctorate programme in Turkish Language Education in Ankara University Institute of Educational Sciences. Since 2013 she has been working as a research assistant in Ankara University according to Article 35 of the Higher Education Law and pursuing doctoral studies.<\/p>\n<div class=\"su-divider su-divider-style-default\" style=\"margin:15px 0;border-width:3px;border-color:#999999\"><\/div>\n<h3><strong><a href=\"http:\/\/www.oguztanselsempozyumu.com\/wp-content\/uploads\/2015\/07\/s25.jpg\" rel='prettyPhoto'><img decoding=\"async\" loading=\"lazy\" class=\"alignleft size-full wp-image-4697\" src=\"http:\/\/www.oguztanselsempozyumu.com\/wp-content\/uploads\/2015\/07\/s25.jpg\" alt=\"s25\" width=\"190\" height=\"220\" \/><\/a>Ar\u015f. G\u00f6r. Erhan \u015eEN<\/strong><\/h3>\n<p>2005\u2019te Y\u00fcz\u00fcnc\u00fc Y\u0131l \u00dcniversitesi T\u00fcrk\u00e7e \u00d6\u011fretmenli\u011fi B\u00f6l\u00fcm\u00fcnden, 2009\u2019da Y\u00fcz\u00fcnc\u00fc Y\u0131l \u00dcniversitesi T\u00fcrk\u00e7e \u00d6\u011fretmenli\u011fi Y\u00fcksek Lisans Program\u0131ndan mezun olmu\u015ftur. 2012 y\u0131l\u0131nda Celal Bayar \u00dcniversitesine ara\u015ft\u0131rma g\u00f6revlisi olarak atanm\u0131\u015ft\u0131r. 2012 y\u0131l\u0131ndan beri, 35. maddeye ba\u011fl\u0131 olarak Ankara \u00dcniversitesinde ara\u015ft\u0131rma g\u00f6revlisi olarak g\u00f6rev yapmakta, T\u00fcrk\u00e7e e\u011fitimi alan\u0131nda doktora \u00f6\u011frenimini s\u00fcrd\u00fcrmektedir.<\/p>\n<div class=\"su-divider su-divider-style-default\" style=\"margin:15px 0;border-width:3px;border-color:#999999\"><\/div>\n<h3><strong><a href=\"http:\/\/www.oguztanselsempozyumu.com\/wp-content\/uploads\/2015\/07\/mesutozcan.jpg\" rel='prettyPhoto'><img decoding=\"async\" loading=\"lazy\" class=\"alignleft size-full wp-image-4697\" src=\"http:\/\/www.oguztanselsempozyumu.com\/wp-content\/uploads\/2015\/07\/mesutozcan.jpg\" alt=\"s25\" width=\"190\" height=\"220\" \/><\/a>Mesut\u00a0\u00d6ZCAN<\/strong><\/h3>\n<p>Mesut \u00d6zcan was born in Tunceli in 1969. Since 1990 he conducts studies on Dersim history, language and culture. He is known with these studies on Dersim beliefs, way of life and culture. He has published over 15 books on these topics some of which included studies on proverbs, folk poems and songs. He has also published stories and various studies in newspapers and journals such as Damar, Folklor\/Edebiyat, Papir\u00fcs, Radikal, \u00dclkede G\u00fcndem, Siyah Beyaz, Dersim\u2019de \u0130klim.Mesut \u00d6zcan currently lives in Tunceli and he is the editor of the journal \u201cMunzur\u201d.","protected":false},"excerpt":{"rendered":"<p>Prof. Dr. Valentina\u00a0BOLD Valentina Bold is Reader in Scottish Literature and Ethnology at the University of Glasgow&#8217;s School of Interdisciplinary Studies, in Dumfries, Scotland. She has published widely on Scottish folklore and literature, particularly on songs and stories. Her books include &#8216;James Hogg: A Bard of Nature&#8217;s Making&#8217;, &#8216;Robert Burns&#8217; Merry Muses of Caledonia&#8217; and &hellip;<\/p>\n","protected":false},"author":1,"featured_media":0,"parent":0,"menu_order":0,"comment_status":"open","ping_status":"open","template":"nosidebar.php","meta":[],"_links":{"self":[{"href":"http:\/\/www.oguztanselsempozyumu.com\/en\/wp-json\/wp\/v2\/pages\/4571"}],"collection":[{"href":"http:\/\/www.oguztanselsempozyumu.com\/en\/wp-json\/wp\/v2\/pages"}],"about":[{"href":"http:\/\/www.oguztanselsempozyumu.com\/en\/wp-json\/wp\/v2\/types\/page"}],"author":[{"embeddable":true,"href":"http:\/\/www.oguztanselsempozyumu.com\/en\/wp-json\/wp\/v2\/users\/1"}],"replies":[{"embeddable":true,"href":"http:\/\/www.oguztanselsempozyumu.com\/en\/wp-json\/wp\/v2\/comments?post=4571"}],"version-history":[{"count":49,"href":"http:\/\/www.oguztanselsempozyumu.com\/en\/wp-json\/wp\/v2\/pages\/4571\/revisions"}],"predecessor-version":[{"id":5027,"href":"http:\/\/www.oguztanselsempozyumu.com\/en\/wp-json\/wp\/v2\/pages\/4571\/revisions\/5027"}],"wp:attachment":[{"href":"http:\/\/www.oguztanselsempozyumu.com\/en\/wp-json\/wp\/v2\/media?parent=4571"}],"curies":[{"name":"wp","href":"https:\/\/api.w.org\/{rel}","templated":true}]}}